{"id":458,"date":"2026-02-23T22:49:28","date_gmt":"2026-02-23T21:49:28","guid":{"rendered":"https:\/\/hcpderie.fr\/myfreshinstall01\/?page_id=458"},"modified":"2026-04-24T13:32:19","modified_gmt":"2026-04-24T11:32:19","slug":"presse","status":"publish","type":"page","link":"https:\/\/hcpderie.fr\/?page_id=458","title":{"rendered":"Presse"},"content":{"rendered":"\t\t<div data-elementor-type=\"wp-page\" data-elementor-id=\"458\" class=\"elementor elementor-458\">\n\t\t\t\t<div class=\"elementor-element elementor-element-b88b01e e-flex e-con-boxed e-con e-parent\" data-id=\"b88b01e\" data-element_type=\"container\" data-e-type=\"container\">\n\t\t\t\t\t<div class=\"e-con-inner\">\n\t\t\t\t\t<\/div>\n\t\t\t\t<\/div>\n\t\t<div class=\"elementor-element elementor-element-d1abd2c e-flex e-con-boxed e-con e-parent\" data-id=\"d1abd2c\" data-element_type=\"container\" data-e-type=\"container\">\n\t\t\t\t\t<div class=\"e-con-inner\">\n\t\t\t\t<div class=\"elementor-element elementor-element-618a59a section-title-style-default meta-visibility-show title_position_default title_hover_border_default title-default img_hover_animation_default meta_position_default readmore-btn-default-style grid-hover-overlay-type-always tpg-el-box-border-enable tpg-border-bottom-disable elementor-widget elementor-widget-tpg-grid-layout\" data-id=\"618a59a\" data-element_type=\"widget\" data-e-type=\"widget\" data-widget_type=\"tpg-grid-layout.default\">\n\t\t\t\t<div class=\"elementor-widget-container\">\n\t\t\t\t\t\t\t<div class=\"rt-container-fluid rt-tpg-container tpg-el-main-wrapper clearfix grid-layout1-main \"\n\t\t\t id=\"rt-tpg-container-753525325\"\n\t\t\t data-layout=\"grid-layout1\"\n\t\t\t data-grid-style=\"tpg-full-height\"\n\t\t\t data-sc-id=\"elementor\"\n\t\t\t data-el-settings=''\n\t\t\t data-el-query=''\n\t\t\t data-el-path=''\n\t\t>\n\t\t\t\t\t\t<div class='tpg-header-wrapper '>\n\t\t\t\t\n        <div class=\"tpg-widget-heading-wrapper rt-clear heading-default \">\n            <span class=\"tpg-widget-heading-line line-left\"><\/span>\n            <h3 class='tpg-widget-heading'>\n            \n                <span class='prefix-text'><\/span>Presse<span class='suffix-text'><\/span>\n                            <\/h3>            <span class=\"tpg-widget-heading-line line-right\"><\/span>\n\n            \n        <\/div>\n\n        \n        \t\t\t<\/div>\n\n\t\t\t<div data-title=\"Loading ...\" class=\"rt-row rt-content-loader grid-layout1 grid-behaviour tpg-full-height grid_layout_wrapper\">\n\t\t\t\t<div class=\"rt-col-md-3 rt-col-sm-6 rt-col-xs-12 default rt-grid-item post-4363 post type-post status-publish format-standard has-post-thumbnail hentry category-presse tag-ouest-france\"        data-id=\"4363\">\n    <div class=\"rt-holder tpg-post-holder \">\n        <div class=\"rt-detail rt-el-content-wrapper\">\n\t\t\t                <div class=\"rt-img-holder tpg-el-image-wrap has-thumbnail\">\n\t\t\t\t\t<a data-id=\"4363\" href=\"https:\/\/hcpderie.fr\/?p=4363\" class=\"tpg-post-link\" target=\"_self\">                        <img fetchpriority=\"high\" decoding=\"async\" src=\"https:\/\/hcpderie.fr\/wp-content\/uploads\/2026\/04\/ouste-france-29-04.jpg\"\n                             class=\"rt-img-responsive\"\n                             width=\"630\"\n                             height=\"354\"\n                             alt=\"De Louis XIII \u00e0 un lotissement de 75\u00a0hectares, ils racontent 400\u00a0ans d\u2019histoires \u00e0 la plage des Demoiselles en Vend\u00e9e\">\n                        \n                            \n        <\/a>\n                <div class=\"overlay grid-hover-content\"><\/div>\n                        <\/div>\n\t\t\t\n\t\t\t<div class=\"entry-title-wrapper\"><h3 class=\"entry-title\"><a data-id=\"4363\" href=\"https:\/\/hcpderie.fr\/?p=4363\" class=\"tpg-post-link\" target=\"_self\">De Louis XIII \u00e0 un lotissement de 75\u00a0hectares, ils racontent 400\u00a0ans d\u2019histoires \u00e0 la plage des Demoiselles en Vend\u00e9e<\/a><\/h3><\/div>\n\t\t\t                <div class=\"post-meta-tags rt-el-post-meta\">\n\t\t\t\t\t            <span class='date'>\n\t\t\t\t                                    29 avril 2026                \t\t\t<\/span>\n                            <\/div>\n\t\t\t\n\n\t\t\t                <div class=\"tpg-excerpt tpg-el-excerpt\">\n\t\t\t\t\t                        <div class=\"tpg-excerpt-inner\">\n\t\t\t\t\t\t\tDe Louis XIII \u00e0 un lotissement de 75&nbsp;hectares, ils racontent 400&nbsp;ans d\u2019histoires \u00e0 la plage des Demoiselles en Vend\u00e9e \u00c0...                        <\/div>\n\t\t\t\t\t\t\t\t\t\t                <\/div>\n\t\t\t\n\t\t\t        <div class=\"post-footer\">\n            <div class=\"post-footer\">\n                <div class=\"read-more\">\n                    <a data-id=\"4363\" href=\"https:\/\/hcpderie.fr\/?p=4363\" class=\"tpg-post-link\" target=\"_self\">en savoir plus<\/a>                <\/div>\n            <\/div>\n        <\/div>\n                <\/div>\n    <\/div>\n<\/div>\n<div class=\"rt-col-md-3 rt-col-sm-6 rt-col-xs-12 default rt-grid-item post-3752 post type-post status-publish format-standard has-post-thumbnail hentry category-presse tag-ouest-france\"        data-id=\"3752\">\n    <div class=\"rt-holder tpg-post-holder \">\n        <div class=\"rt-detail rt-el-content-wrapper\">\n\t\t\t                <div class=\"rt-img-holder tpg-el-image-wrap has-thumbnail\">\n\t\t\t\t\t<a data-id=\"3752\" href=\"https:\/\/hcpderie.fr\/?p=3752\" class=\"tpg-post-link\" target=\"_self\">                        <img decoding=\"async\" src=\"https:\/\/hcpderie.fr\/wp-content\/uploads\/2026\/04\/avions.png\"\n                             class=\"rt-img-responsive\"\n                             width=\"629\"\n                             height=\"348\"\n                             alt=\"Clich\u00e9s et r\u00e9cits in\u00e9dits\u00a0: un livre offre un regard neuf sur la pr\u00e9sence am\u00e9ricaine en Vend\u00e9e en 1918\">\n                        \n                            \n        <\/a>\n                <div class=\"overlay grid-hover-content\"><\/div>\n                        <\/div>\n\t\t\t\n\t\t\t<div class=\"entry-title-wrapper\"><h3 class=\"entry-title\"><a data-id=\"3752\" href=\"https:\/\/hcpderie.fr\/?p=3752\" class=\"tpg-post-link\" target=\"_self\">Clich\u00e9s et r\u00e9cits in\u00e9dits\u00a0: un livre offre un regard neuf sur la pr\u00e9sence am\u00e9ricaine en Vend\u00e9e en 1918<\/a><\/h3><\/div>\n\t\t\t                <div class=\"post-meta-tags rt-el-post-meta\">\n\t\t\t\t\t            <span class='date'>\n\t\t\t\t                                    20 avril 2026                \t\t\t<\/span>\n                            <\/div>\n\t\t\t\n\n\t\t\t                <div class=\"tpg-excerpt tpg-el-excerpt\">\n\t\t\t\t\t                        <div class=\"tpg-excerpt-inner\">\n\t\t\t\t\t\t\tClich\u00e9s et r\u00e9cits in\u00e9dits&nbsp;: un livre offre un regard neuf sur la pr\u00e9sence am\u00e9ricaine en Vend\u00e9e en 1918 Riche de...                        <\/div>\n\t\t\t\t\t\t\t\t\t\t                <\/div>\n\t\t\t\n\t\t\t        <div class=\"post-footer\">\n            <div class=\"post-footer\">\n                <div class=\"read-more\">\n                    <a data-id=\"3752\" href=\"https:\/\/hcpderie.fr\/?p=3752\" class=\"tpg-post-link\" target=\"_self\">en savoir plus<\/a>                <\/div>\n            <\/div>\n        <\/div>\n                <\/div>\n    <\/div>\n<\/div>\n<div class=\"rt-col-md-3 rt-col-sm-6 rt-col-xs-12 default rt-grid-item post-3570 post type-post status-publish format-standard has-post-thumbnail hentry category-presse tag-ouest-france\"        data-id=\"3570\">\n    <div class=\"rt-holder tpg-post-holder \">\n        <div class=\"rt-detail rt-el-content-wrapper\">\n\t\t\t                <div class=\"rt-img-holder tpg-el-image-wrap has-thumbnail\">\n\t\t\t\t\t<a data-id=\"3570\" href=\"https:\/\/hcpderie.fr\/?p=3570\" class=\"tpg-post-link\" target=\"_self\">                        <img decoding=\"async\" src=\"https:\/\/hcpderie.fr\/wp-content\/uploads\/2026\/04\/ag-2026.png\"\n                             class=\"rt-img-responsive\"\n                             width=\"617\"\n                             height=\"344\"\n                             alt=\"Histoire, culture et patrimoine f\u00e9d\u00e8re autour de la m\u00e9moire locale\">\n                        \n                            \n        <\/a>\n                <div class=\"overlay grid-hover-content\"><\/div>\n                        <\/div>\n\t\t\t\n\t\t\t<div class=\"entry-title-wrapper\"><h3 class=\"entry-title\"><a data-id=\"3570\" href=\"https:\/\/hcpderie.fr\/?p=3570\" class=\"tpg-post-link\" target=\"_self\">Histoire, culture et patrimoine f\u00e9d\u00e8re autour de la m\u00e9moire locale<\/a><\/h3><\/div>\n\t\t\t                <div class=\"post-meta-tags rt-el-post-meta\">\n\t\t\t\t\t            <span class='date'>\n\t\t\t\t                                    6 avril 2026                \t\t\t<\/span>\n                            <\/div>\n\t\t\t\n\n\t\t\t                <div class=\"tpg-excerpt tpg-el-excerpt\">\n\t\t\t\t\t                        <div class=\"tpg-excerpt-inner\">\n\t\t\t\t\t\t\tHistoire, culture et patrimoine f\u00e9d\u00e8re autour de la m\u00e9moire locale Depuis 2021, Histoire culture et patrimoine&nbsp;(HCP) dynamise la transmission patrimoniale...                        <\/div>\n\t\t\t\t\t\t\t\t\t\t                <\/div>\n\t\t\t\n\t\t\t        <div class=\"post-footer\">\n            <div class=\"post-footer\">\n                <div class=\"read-more\">\n                    <a data-id=\"3570\" href=\"https:\/\/hcpderie.fr\/?p=3570\" class=\"tpg-post-link\" target=\"_self\">en savoir plus<\/a>                <\/div>\n            <\/div>\n        <\/div>\n                <\/div>\n    <\/div>\n<\/div>\n<div class=\"rt-col-md-3 rt-col-sm-6 rt-col-xs-12 default rt-grid-item post-2284 post type-post status-publish format-standard has-post-thumbnail hentry category-presse tag-courrier-vendeen\"        data-id=\"2284\">\n    <div class=\"rt-holder tpg-post-holder \">\n        <div class=\"rt-detail rt-el-content-wrapper\">\n\t\t\t                <div class=\"rt-img-holder tpg-el-image-wrap has-thumbnail\">\n\t\t\t\t\t<a data-id=\"2284\" href=\"https:\/\/hcpderie.fr\/?p=2284\" class=\"tpg-post-link\" target=\"_self\">                        <img loading=\"lazy\" decoding=\"async\" src=\"https:\/\/hcpderie.fr\/wp-content\/uploads\/2026\/03\/alexandre-768x512.webp\"\n                             class=\"rt-img-responsive\"\n                             width=\"768\"\n                             height=\"512\"\n                             alt=\"9 MARS Conf\u00e9rence sur Alexandre le Grand\">\n                        \n                            \n        <\/a>\n                <div class=\"overlay grid-hover-content\"><\/div>\n                        <\/div>\n\t\t\t\n\t\t\t<div class=\"entry-title-wrapper\"><h3 class=\"entry-title\"><a data-id=\"2284\" href=\"https:\/\/hcpderie.fr\/?p=2284\" class=\"tpg-post-link\" target=\"_self\">9 MARS Conf\u00e9rence sur Alexandre le Grand<\/a><\/h3><\/div>\n\t\t\t                <div class=\"post-meta-tags rt-el-post-meta\">\n\t\t\t\t\t            <span class='date'>\n\t\t\t\t                                    6 mars 2026                \t\t\t<\/span>\n                            <\/div>\n\t\t\t\n\n\t\t\t                <div class=\"tpg-excerpt tpg-el-excerpt\">\n\t\t\t\t\t                        <div class=\"tpg-excerpt-inner\">\n\t\t\t\t\t\t\t9 MARS Conf\u00e9rence sur Alexandre le Grand \u00a0 Alexandre le Grand conqu\u00e9rant, mod\u00e8le pour les uns, redout\u00e9 par les autres...                        <\/div>\n\t\t\t\t\t\t\t\t\t\t                <\/div>\n\t\t\t\n\t\t\t        <div class=\"post-footer\">\n            <div class=\"post-footer\">\n                <div class=\"read-more\">\n                    <a data-id=\"2284\" href=\"https:\/\/hcpderie.fr\/?p=2284\" class=\"tpg-post-link\" target=\"_self\">en savoir plus<\/a>                <\/div>\n            <\/div>\n        <\/div>\n                <\/div>\n    <\/div>\n<\/div>\n<div class=\"rt-col-md-3 rt-col-sm-6 rt-col-xs-12 default rt-grid-item post-2096 post type-post status-publish format-standard has-post-thumbnail hentry category-presse\"        data-id=\"2096\">\n    <div class=\"rt-holder tpg-post-holder \">\n        <div class=\"rt-detail rt-el-content-wrapper\">\n\t\t\t                <div class=\"rt-img-holder tpg-el-image-wrap has-thumbnail\">\n\t\t\t\t\t<a data-id=\"2096\" href=\"https:\/\/hcpderie.fr\/?p=2096\" class=\"tpg-post-link\" target=\"_self\">                        <img loading=\"lazy\" decoding=\"async\" src=\"https:\/\/hcpderie.fr\/wp-content\/uploads\/2026\/03\/marnojeh-nouri.jpg\"\n                             class=\"rt-img-responsive\"\n                             width=\"630\"\n                             height=\"354\"\n                             alt=\"Alexandre Le Grand\u00a0: Mac\u00e9donien, Grec ou Persan\u00a0? Une conf\u00e9rence lundi 9\u00a0mars\u00a0\">\n                        \n                            \n        <\/a>\n                <div class=\"overlay grid-hover-content\"><\/div>\n                        <\/div>\n\t\t\t\n\t\t\t<div class=\"entry-title-wrapper\"><h3 class=\"entry-title\"><a data-id=\"2096\" href=\"https:\/\/hcpderie.fr\/?p=2096\" class=\"tpg-post-link\" target=\"_self\">Alexandre Le Grand\u00a0: Mac\u00e9donien, Grec ou Persan\u00a0? Une conf\u00e9rence lundi 9\u00a0mars\u00a0<\/a><\/h3><\/div>\n\t\t\t                <div class=\"post-meta-tags rt-el-post-meta\">\n\t\t\t\t\t            <span class='date'>\n\t\t\t\t                                    5 mars 2026                \t\t\t<\/span>\n                            <\/div>\n\t\t\t\n\n\t\t\t                <div class=\"tpg-excerpt tpg-el-excerpt\">\n\t\t\t\t\t                        <div class=\"tpg-excerpt-inner\">\n\t\t\t\t\t\t\tAlexandre Le Grand : Mac\u00e9donien, Grec ou Persan ? Manijeh Nouri, experte de renom en litt\u00e9rature et linguistique persane, donnera...                        <\/div>\n\t\t\t\t\t\t\t\t\t\t                <\/div>\n\t\t\t\n\t\t\t        <div class=\"post-footer\">\n            <div class=\"post-footer\">\n                <div class=\"read-more\">\n                    <a data-id=\"2096\" href=\"https:\/\/hcpderie.fr\/?p=2096\" class=\"tpg-post-link\" target=\"_self\">en savoir plus<\/a>                <\/div>\n            <\/div>\n        <\/div>\n                <\/div>\n    <\/div>\n<\/div>\n<div class=\"rt-col-md-3 rt-col-sm-6 rt-col-xs-12 default rt-grid-item post-834 post type-post status-publish format-standard has-post-thumbnail hentry category-presse tag-annie-antoine tag-emile-boutin tag-ouest-france tag-patrick-avrillas tag-peintre tag-saint-gilles-croix-de-viie tag-saint-hilaire-de-riez tag-vendee\"        data-id=\"834\">\n    <div class=\"rt-holder tpg-post-holder \">\n        <div class=\"rt-detail rt-el-content-wrapper\">\n\t\t\t                <div class=\"rt-img-holder tpg-el-image-wrap has-thumbnail\">\n\t\t\t\t\t<a data-id=\"834\" href=\"https:\/\/hcpderie.fr\/?p=834\" class=\"tpg-post-link\" target=\"_self\">                        <img loading=\"lazy\" decoding=\"async\" src=\"https:\/\/hcpderie.fr\/wp-content\/uploads\/2025\/12\/Les-oeuvres-dEmile-Boutin-peintre-vendeen.png\"\n                             class=\"rt-img-responsive\"\n                             width=\"495\"\n                             height=\"313\"\n                             alt=\"Port de Croix-de-Vie, bourrine du marais\u2026 Les \u0153uvres du peintre vend\u00e9en Emile Boutin rassembl\u00e9es dans un livre\">\n                        \n                            \n        <\/a>\n                <div class=\"overlay grid-hover-content\"><\/div>\n                        <\/div>\n\t\t\t\n\t\t\t<div class=\"entry-title-wrapper\"><h3 class=\"entry-title\"><a data-id=\"834\" href=\"https:\/\/hcpderie.fr\/?p=834\" class=\"tpg-post-link\" target=\"_self\">Port de Croix-de-Vie, bourrine du marais\u2026 Les \u0153uvres du peintre vend\u00e9en Emile Boutin rassembl\u00e9es dans un livre<\/a><\/h3><\/div>\n\t\t\t                <div class=\"post-meta-tags rt-el-post-meta\">\n\t\t\t\t\t            <span class='date'>\n\t\t\t\t                                    24 d\u00e9cembre 2025                \t\t\t<\/span>\n                            <\/div>\n\t\t\t\n\n\t\t\t                <div class=\"tpg-excerpt tpg-el-excerpt\">\n\t\t\t\t\t                        <div class=\"tpg-excerpt-inner\">\n\t\t\t\t\t\t\tPort de Croix-de-Vie, bourrine du marais Les \u0153uvres du peintre vend\u00e9en Emile Boutin rassembl\u00e9es dans un livre Annie Antoine, historienne...                        <\/div>\n\t\t\t\t\t\t\t\t\t\t                <\/div>\n\t\t\t\n\t\t\t        <div class=\"post-footer\">\n            <div class=\"post-footer\">\n                <div class=\"read-more\">\n                    <a data-id=\"834\" href=\"https:\/\/hcpderie.fr\/?p=834\" class=\"tpg-post-link\" target=\"_self\">en savoir plus<\/a>                <\/div>\n            <\/div>\n        <\/div>\n                <\/div>\n    <\/div>\n<\/div>\n<div class=\"rt-col-md-3 rt-col-sm-6 rt-col-xs-12 default rt-grid-item post-2107 post type-post status-publish format-standard has-post-thumbnail hentry category-presse tag-ouest-france\"        data-id=\"2107\">\n    <div class=\"rt-holder tpg-post-holder \">\n        <div class=\"rt-detail rt-el-content-wrapper\">\n\t\t\t                <div class=\"rt-img-holder tpg-el-image-wrap has-thumbnail\">\n\t\t\t\t\t<a data-id=\"2107\" href=\"https:\/\/hcpderie.fr\/?p=2107\" class=\"tpg-post-link\" target=\"_self\">                        <img loading=\"lazy\" decoding=\"async\" src=\"https:\/\/hcpderie.fr\/wp-content\/uploads\/2026\/03\/concert-Alban.png\"\n                             class=\"rt-img-responsive\"\n                             width=\"617\"\n                             height=\"346\"\n                             alt=\"L\u2019un des plus jeunes luthistes professionnels de France en concert \u00e0 Saint-Hilaire-de-Riez\">\n                        \n                            \n        <\/a>\n                <div class=\"overlay grid-hover-content\"><\/div>\n                        <\/div>\n\t\t\t\n\t\t\t<div class=\"entry-title-wrapper\"><h3 class=\"entry-title\"><a data-id=\"2107\" href=\"https:\/\/hcpderie.fr\/?p=2107\" class=\"tpg-post-link\" target=\"_self\">L\u2019un des plus jeunes luthistes professionnels de France en concert \u00e0 Saint-Hilaire-de-Riez<\/a><\/h3><\/div>\n\t\t\t                <div class=\"post-meta-tags rt-el-post-meta\">\n\t\t\t\t\t            <span class='date'>\n\t\t\t\t                                    29 septembre 2025                \t\t\t<\/span>\n                            <\/div>\n\t\t\t\n\n\t\t\t                <div class=\"tpg-excerpt tpg-el-excerpt\">\n\t\t\t\t\t                        <div class=\"tpg-excerpt-inner\">\n\t\t\t\t\t\t\tMardi 30 septembre, la chapelle de Sion accueille un concert de musique baroque avec Alban Tixier, 22 ans, au luth...                        <\/div>\n\t\t\t\t\t\t\t\t\t\t                <\/div>\n\t\t\t\n\t\t\t        <div class=\"post-footer\">\n            <div class=\"post-footer\">\n                <div class=\"read-more\">\n                    <a data-id=\"2107\" href=\"https:\/\/hcpderie.fr\/?p=2107\" class=\"tpg-post-link\" target=\"_self\">en savoir plus<\/a>                <\/div>\n            <\/div>\n        <\/div>\n                <\/div>\n    <\/div>\n<\/div>\n<div class=\"rt-col-md-3 rt-col-sm-6 rt-col-xs-12 default rt-grid-item post-462 post type-post status-publish format-standard has-post-thumbnail hentry category-presse tag-peintre tag-saint-gilles-croix-de-viie tag-saint-hilaire-de-riez tag-vendee-2\"        data-id=\"462\">\n    <div class=\"rt-holder tpg-post-holder \">\n        <div class=\"rt-detail rt-el-content-wrapper\">\n\t\t\t                <div class=\"rt-img-holder tpg-el-image-wrap has-thumbnail\">\n\t\t\t\t\t<a data-id=\"462\" href=\"https:\/\/hcpderie.fr\/?p=462\" class=\"tpg-post-link\" target=\"_self\">                        <img loading=\"lazy\" decoding=\"async\" src=\"https:\/\/hcpderie.fr\/wp-content\/uploads\/2026\/02\/Patrick-Avrillas-president-de-lassociation-Histoire-culture-et-patrimoine-des-Pays-de-Rie-et-de-Vie-et-Annie-Antoine-professeure-emerite-et-historienne.webp\"\n                             class=\"rt-img-responsive\"\n                             width=\"630\"\n                             height=\"354\"\n                             alt=\"Patrick Avrillas, pr\u00e9sident de l\u2019association Histoire culture et patrimoine des Pays de Ri\u00e9 et de Vie, et Annie Antoine, professeure \u00e9m\u00e9rite et historienne\">\n                        \n                            \n        <\/a>\n                <div class=\"overlay grid-hover-content\"><\/div>\n                        <\/div>\n\t\t\t\n\t\t\t<div class=\"entry-title-wrapper\"><h3 class=\"entry-title\"><a data-id=\"462\" href=\"https:\/\/hcpderie.fr\/?p=462\" class=\"tpg-post-link\" target=\"_self\">Ces Vend\u00e9ens mettent en lumi\u00e8re, \u00c9mile Boutin, peintre r\u00e9gionaliste m\u00e9connu<\/a><\/h3><\/div>\n\t\t\t                <div class=\"post-meta-tags rt-el-post-meta\">\n\t\t\t\t\t            <span class='date'>\n\t\t\t\t                                    9 septembre 2025                \t\t\t<\/span>\n                            <\/div>\n\t\t\t\n\n\t\t\t                <div class=\"tpg-excerpt tpg-el-excerpt\">\n\t\t\t\t\t                        <div class=\"tpg-excerpt-inner\">\n\t\t\t\t\t\t\tCes Vend\u00e9ens mettent en lumi\u00e8re, \u00c9mile Boutin, peintre r\u00e9gionaliste m\u00e9connu \u00c0 travers les regards d\u2019Annie Antoine et de Patrick Avrillas...                        <\/div>\n\t\t\t\t\t\t\t\t\t\t                <\/div>\n\t\t\t\n\t\t\t        <div class=\"post-footer\">\n            <div class=\"post-footer\">\n                <div class=\"read-more\">\n                    <a data-id=\"462\" href=\"https:\/\/hcpderie.fr\/?p=462\" class=\"tpg-post-link\" target=\"_self\">en savoir plus<\/a>                <\/div>\n            <\/div>\n        <\/div>\n                <\/div>\n    <\/div>\n<\/div>\n<div class=\"rt-col-md-3 rt-col-sm-6 rt-col-xs-12 default rt-grid-item post-844 post type-post status-publish format-standard has-post-thumbnail hentry category-presse tag-histoire tag-le-grand-bec tag-louis-xiii tag-saint-hilaire-de-riez\"        data-id=\"844\">\n    <div class=\"rt-holder tpg-post-holder \">\n        <div class=\"rt-detail rt-el-content-wrapper\">\n\t\t\t                <div class=\"rt-img-holder tpg-el-image-wrap has-thumbnail\">\n\t\t\t\t\t<a data-id=\"844\" href=\"https:\/\/hcpderie.fr\/?p=844\" class=\"tpg-post-link\" target=\"_self\">                        <img loading=\"lazy\" decoding=\"async\" src=\"https:\/\/hcpderie.fr\/wp-content\/uploads\/2025\/09\/Anthony-Charrier-a-droite-avec-sa-mere-Chantal-et-sa-fille-Tessa.png\"\n                             class=\"rt-img-responsive\"\n                             width=\"620\"\n                             height=\"347\"\n                             alt=\"De Louis XIII au camping, il raconte l\u2019histoire de la ferme du Grand Bec \u00e0 Saint-Hilaire-de-Riez\">\n                        \n                            \n        <\/a>\n                <div class=\"overlay grid-hover-content\"><\/div>\n                        <\/div>\n\t\t\t\n\t\t\t<div class=\"entry-title-wrapper\"><h3 class=\"entry-title\"><a data-id=\"844\" href=\"https:\/\/hcpderie.fr\/?p=844\" class=\"tpg-post-link\" target=\"_self\">De Louis XIII au camping, il raconte l\u2019histoire de la ferme du Grand Bec \u00e0 Saint-Hilaire-de-Riez<\/a><\/h3><\/div>\n\t\t\t                <div class=\"post-meta-tags rt-el-post-meta\">\n\t\t\t\t\t            <span class='date'>\n\t\t\t\t                                    9 septembre 2025                \t\t\t<\/span>\n                            <\/div>\n\t\t\t\n\n\t\t\t                <div class=\"tpg-excerpt tpg-el-excerpt\">\n\t\t\t\t\t                        <div class=\"tpg-excerpt-inner\">\n\t\t\t\t\t\t\tDe Louis XIII au camping, il raconte l\u2019histoire de la ferme du Grand Bec \u00e0 Saint-Hilaire-de-Riez Anthony Charrier (\u00e0 droite)...                        <\/div>\n\t\t\t\t\t\t\t\t\t\t                <\/div>\n\t\t\t\n\t\t\t        <div class=\"post-footer\">\n            <div class=\"post-footer\">\n                <div class=\"read-more\">\n                    <a data-id=\"844\" href=\"https:\/\/hcpderie.fr\/?p=844\" class=\"tpg-post-link\" target=\"_self\">en savoir plus<\/a>                <\/div>\n            <\/div>\n        <\/div>\n                <\/div>\n    <\/div>\n<\/div>\n\t\t\t<\/div>\n\t\t\t\n\t\t<\/div>\n\t\t\t\t\t\t<\/div>\n\t\t\t\t<\/div>\n\t\t\t\t\t<\/div>\n\t\t\t\t<\/div>\n\t\t\t\t<\/div>\n\t\t","protected":false},"excerpt":{"rendered":"<p>Presse Ces Vend\u00e9ens mettent en lumi\u00e8re, \u00c9mile Boutin, peintre r\u00e9gionaliste m\u00e9connu 9 septembre 2025 \u00c0 travers les regards d\u2019Annie Antoine [&hellip;]<\/p>\n","protected":false},"author":1,"featured_media":0,"parent":0,"menu_order":0,"comment_status":"closed","ping_status":"closed","template":"elementor_header_footer","meta":{"_angie_page":false,"site-sidebar-layout":"no-sidebar","site-content-layout":"","ast-site-content-layout":"full-width-container","site-content-style":"default","site-sidebar-style":"default","ast-global-header-display":"","ast-banner-title-visibility":"","ast-main-header-display":"","ast-hfb-above-header-display":"","ast-hfb-below-header-display":"","ast-hfb-mobile-header-display":"","site-post-title":"","ast-breadcrumbs-content":"","ast-featured-img":"disabled","footer-sml-layout":"","ast-disable-related-posts":"","theme-transparent-header-meta":"","adv-header-id-meta":"","stick-header-meta":"","header-above-stick-meta":"","header-main-stick-meta":"","header-below-stick-meta":"","astra-migrate-meta-layouts":"default","ast-page-background-enabled":"default","ast-page-background-meta":{"desktop":{"background-color":"var(--ast-global-color-5)","background-image":"","background-repeat":"repeat","background-position":"center center","background-size":"auto","background-attachment":"scroll","background-type":"","background-media":"","overlay-type":"","overlay-color":"","overlay-opacity":"","overlay-gradient":""},"tablet":{"background-color":"","background-image":"","background-repeat":"repeat","background-position":"center center","background-size":"auto","background-attachment":"scroll","background-type":"","background-media":"","overlay-type":"","overlay-color":"","overlay-opacity":"","overlay-gradient":""},"mobile":{"background-color":"","background-image":"","background-repeat":"repeat","background-position":"center center","background-size":"auto","background-attachment":"scroll","background-type":"","background-media":"","overlay-type":"","overlay-color":"","overlay-opacity":"","overlay-gradient":""}},"ast-content-background-meta":{"desktop":{"background-color":"var(--ast-global-color-4)","background-image":"","background-repeat":"repeat","background-position":"center center","background-size":"auto","background-attachment":"scroll","background-type":"","background-media":"","overlay-type":"","overlay-color":"","overlay-opacity":"","overlay-gradient":""},"tablet":{"background-color":"var(--ast-global-color-4)","background-image":"","background-repeat":"repeat","background-position":"center center","background-size":"auto","background-attachment":"scroll","background-type":"","background-media":"","overlay-type":"","overlay-color":"","overlay-opacity":"","overlay-gradient":""},"mobile":{"background-color":"var(--ast-global-color-4)","background-image":"","background-repeat":"repeat","background-position":"center center","background-size":"auto","background-attachment":"scroll","background-type":"","background-media":"","overlay-type":"","overlay-color":"","overlay-opacity":"","overlay-gradient":""}},"footnotes":""},"class_list":["post-458","page","type-page","status-publish","hentry"],"aioseo_notices":[],"jetpack_sharing_enabled":true,"jetpack_likes_enabled":true,"rttpg_featured_image_url":null,"rttpg_author":{"display_name":"ADMIN17","author_link":"https:\/\/hcpderie.fr\/?author=1"},"rttpg_comment":0,"rttpg_category":"","rttpg_excerpt":"Presse Ces Vend\u00e9ens mettent en lumi\u00e8re, \u00c9mile Boutin, peintre r\u00e9gionaliste m\u00e9connu 9 septembre 2025 \u00c0 travers les regards d\u2019Annie Antoine [&hellip;]","_links":{"self":[{"href":"https:\/\/hcpderie.fr\/index.php?rest_route=\/wp\/v2\/pages\/458","targetHints":{"allow":["GET"]}}],"collection":[{"href":"https:\/\/hcpderie.fr\/index.php?rest_route=\/wp\/v2\/pages"}],"about":[{"href":"https:\/\/hcpderie.fr\/index.php?rest_route=\/wp\/v2\/types\/page"}],"author":[{"embeddable":true,"href":"https:\/\/hcpderie.fr\/index.php?rest_route=\/wp\/v2\/users\/1"}],"replies":[{"embeddable":true,"href":"https:\/\/hcpderie.fr\/index.php?rest_route=%2Fwp%2Fv2%2Fcomments&post=458"}],"version-history":[{"count":10,"href":"https:\/\/hcpderie.fr\/index.php?rest_route=\/wp\/v2\/pages\/458\/revisions"}],"predecessor-version":[{"id":760,"href":"https:\/\/hcpderie.fr\/index.php?rest_route=\/wp\/v2\/pages\/458\/revisions\/760"}],"wp:attachment":[{"href":"https:\/\/hcpderie.fr\/index.php?rest_route=%2Fwp%2Fv2%2Fmedia&parent=458"}],"curies":[{"name":"wp","href":"https:\/\/api.w.org\/{rel}","templated":true}]}}