{"id":2050,"date":"2026-03-08T17:49:24","date_gmt":"2026-03-08T16:49:24","guid":{"rendered":"https:\/\/hcpderie.fr\/myfreshinstall01\/?page_id=2050"},"modified":"2026-03-08T17:56:20","modified_gmt":"2026-03-08T16:56:20","slug":"nos-livres","status":"publish","type":"page","link":"https:\/\/hcpderie.fr\/?page_id=2050","title":{"rendered":"Nos livres"},"content":{"rendered":"\t\t<div data-elementor-type=\"wp-page\" data-elementor-id=\"2050\" class=\"elementor elementor-2050\">\n\t\t\t\t<div class=\"elementor-element elementor-element-60c1339e e-flex e-con-boxed e-con e-parent\" data-id=\"60c1339e\" data-element_type=\"container\" data-e-type=\"container\">\n\t\t\t\t\t<div class=\"e-con-inner\">\n\t\t\t\t<div class=\"elementor-element elementor-element-6c47ab5e elementor-widget elementor-widget-text-editor\" data-id=\"6c47ab5e\" data-element_type=\"widget\" data-e-type=\"widget\" data-widget_type=\"text-editor.default\">\n\t\t\t\t\t\t\t\t\t\t\t\t\t\t\t\t\t<\/div>\n\t\t\t\t\t<\/div>\n\t\t\t\t<\/div>\n\t\t<div class=\"elementor-element elementor-element-08c53de e-flex e-con-boxed e-con e-parent\" data-id=\"08c53de\" data-element_type=\"container\" data-e-type=\"container\">\n\t\t\t\t\t<div class=\"e-con-inner\">\n\t\t\t\t<div class=\"elementor-element elementor-element-25193f8 meta-visibility-show section-title-style-style1 title_position_default title_hover_border_default title-default img_hover_animation_default meta_position_default readmore-btn-default-style grid-hover-overlay-type-always tpg-el-box-border-enable tpg-border-bottom-disable elementor-widget elementor-widget-tpg-grid-layout\" data-id=\"25193f8\" data-element_type=\"widget\" data-e-type=\"widget\" data-widget_type=\"tpg-grid-layout.default\">\n\t\t\t\t<div class=\"elementor-widget-container\">\n\t\t\t\t\t\t\t<div class=\"rt-container-fluid rt-tpg-container tpg-el-main-wrapper clearfix grid-layout1-main \"\n\t\t\t id=\"rt-tpg-container-294634394\"\n\t\t\t data-layout=\"grid-layout1\"\n\t\t\t data-grid-style=\"tpg-full-height\"\n\t\t\t data-sc-id=\"elementor\"\n\t\t\t data-el-settings=''\n\t\t\t data-el-query=''\n\t\t\t data-el-path=''\n\t\t>\n\t\t\t\t\t\t<div class='tpg-header-wrapper '>\n\t\t\t\t\n        <div class=\"tpg-widget-heading-wrapper rt-clear heading-style1 \">\n            <span class=\"tpg-widget-heading-line line-left\"><\/span>\n            <h1 class='tpg-widget-heading'>\n            \n                                    <span>\n\t\t\t\t\t\tNos livres\t\t\t\t\t<\/span>\n                    \n                            <\/h1>            <span class=\"tpg-widget-heading-line line-right\"><\/span>\n\n            \n        <\/div>\n\n        \n        \t\t\t<\/div>\n\n\t\t\t<div data-title=\"Loading ...\" class=\"rt-row rt-content-loader grid-layout1 grid-behaviour tpg-full-height grid_layout_wrapper\">\n\t\t\t\t<div class=\"rt-col-md-4 rt-col-sm-6 rt-col-xs-12 default rt-grid-item post-3728 post type-post status-publish format-standard has-post-thumbnail hentry category-livre category-publication tag-livre\"        data-id=\"3728\">\n    <div class=\"rt-holder tpg-post-holder \">\n        <div class=\"rt-detail rt-el-content-wrapper\">\n\t\t\t                <div class=\"rt-img-holder tpg-el-image-wrap has-thumbnail\">\n\t\t\t\t\t                        <img fetchpriority=\"high\" decoding=\"async\" src=\"https:\/\/hcpderie.fr\/wp-content\/uploads\/2026\/04\/Couverture-1-768x593.png\"\n                             class=\"rt-img-responsive\"\n                             width=\"768\"\n                             height=\"593\"\n                             alt=\"La plage des Demoiselles\">\n                        \n                            \n        \n                <div class=\"overlay grid-hover-content\"><\/div>\n                        <\/div>\n\t\t\t\n\t\t\t<div class=\"entry-title-wrapper\"><h3 class=\"entry-title\"><a data-id=\"3728\" href=\"https:\/\/hcpderie.fr\/?p=3728\" class=\"tpg-post-link\" target=\"_self\">La plage des Demoiselles<\/a><\/h3><\/div>\n\t\t\t                <div class=\"post-meta-tags rt-el-post-meta\">\n\t\t\t\t\t            <span class='date'>\n\t\t\t\t                                    <a href=\"https:\/\/hcpderie.fr\/?m=20260417\">\n\t\t\t\t\t17 avril 2026\t\t\t\t<\/a>\n                \t\t\t<\/span>\n                            <\/div>\n\t\t\t\n\n\t\t\t                <div class=\"tpg-excerpt tpg-el-excerpt\">\n\t\t\t\t\t                        <div class=\"tpg-excerpt-inner\">\n\t\t\t\t\t\t\tLa plage des Demoiselles Les Demoiselles,quel nom enchanteur pour d\u00e9signer ce quartier r\u00e9sidentiel n\u00e9 au lendemain de la Premi\u00e8re Guerre...                        <\/div>\n\t\t\t\t\t\t\t\t\t\t                <\/div>\n\t\t\t\n\t\t\t        <div class=\"post-footer\">\n            <div class=\"post-footer\">\n                <div class=\"read-more\">\n                    <a data-id=\"3728\" href=\"https:\/\/hcpderie.fr\/?p=3728\" class=\"tpg-post-link\" target=\"_self\">En savoir plus<\/a>                <\/div>\n            <\/div>\n        <\/div>\n                <\/div>\n    <\/div>\n<\/div>\n<div class=\"rt-col-md-4 rt-col-sm-6 rt-col-xs-12 default rt-grid-item post-3468 post type-post status-publish format-standard has-post-thumbnail hentry category-livre category-publication tag-livre\"        data-id=\"3468\">\n    <div class=\"rt-holder tpg-post-holder \">\n        <div class=\"rt-detail rt-el-content-wrapper\">\n\t\t\t                <div class=\"rt-img-holder tpg-el-image-wrap has-thumbnail\">\n\t\t\t\t\t                        <img decoding=\"async\" src=\"https:\/\/hcpderie.fr\/wp-content\/uploads\/2026\/04\/Couverture--768x589.png\"\n                             class=\"rt-img-responsive\"\n                             width=\"768\"\n                             height=\"589\"\n                             alt=\"Le camp am\u00e9ricain 1918\">\n                        \n                            \n        \n                <div class=\"overlay grid-hover-content\"><\/div>\n                        <\/div>\n\t\t\t\n\t\t\t<div class=\"entry-title-wrapper\"><h3 class=\"entry-title\"><a data-id=\"3468\" href=\"https:\/\/hcpderie.fr\/?p=3468\" class=\"tpg-post-link\" target=\"_self\">Le camp am\u00e9ricain 1918<\/a><\/h3><\/div>\n\t\t\t                <div class=\"post-meta-tags rt-el-post-meta\">\n\t\t\t\t\t            <span class='date'>\n\t\t\t\t                                    <a href=\"https:\/\/hcpderie.fr\/?m=20260406\">\n\t\t\t\t\t6 avril 2026\t\t\t\t<\/a>\n                \t\t\t<\/span>\n                            <\/div>\n\t\t\t\n\n\t\t\t                <div class=\"tpg-excerpt tpg-el-excerpt\">\n\t\t\t\t\t                        <div class=\"tpg-excerpt-inner\">\n\t\t\t\t\t\t\tLe camp am\u00e9ricain 1918 Nous vous pr\u00e9sentons notre nouvel ouvrage, consacr\u00e9 au camp d&rsquo;aviation am\u00e9ricain de 1918.&nbsp;Ce beau livre de...                        <\/div>\n\t\t\t\t\t\t\t\t\t\t                <\/div>\n\t\t\t\n\t\t\t        <div class=\"post-footer\">\n            <div class=\"post-footer\">\n                <div class=\"read-more\">\n                    <a data-id=\"3468\" href=\"https:\/\/hcpderie.fr\/?p=3468\" class=\"tpg-post-link\" target=\"_self\">En savoir plus<\/a>                <\/div>\n            <\/div>\n        <\/div>\n                <\/div>\n    <\/div>\n<\/div>\n<div class=\"rt-col-md-4 rt-col-sm-6 rt-col-xs-12 default rt-grid-item post-813 post type-post status-publish format-standard has-post-thumbnail hentry category-livre category-publication tag-emile-boutin tag-livre tag-peinture-2 tag-saint-gilles-croix-de-vie tag-saint-hilaire-de-riez tag-vendee\"        data-id=\"813\">\n    <div class=\"rt-holder tpg-post-holder \">\n        <div class=\"rt-detail rt-el-content-wrapper\">\n\t\t\t                <div class=\"rt-img-holder tpg-el-image-wrap has-thumbnail\">\n\t\t\t\t\t                        <img decoding=\"async\" src=\"https:\/\/hcpderie.fr\/wp-content\/uploads\/2026\/02\/emile-boutain-768x768.png\"\n                             class=\"rt-img-responsive\"\n                             width=\"768\"\n                             height=\"768\"\n                             alt=\"\u00c9mile Boutin &#8211; Peintre vend\u00e9en (1874-1951)\">\n                        \n                            \n        \n                <div class=\"overlay grid-hover-content\"><\/div>\n                        <\/div>\n\t\t\t\n\t\t\t<div class=\"entry-title-wrapper\"><h3 class=\"entry-title\"><a data-id=\"813\" href=\"https:\/\/hcpderie.fr\/?p=813\" class=\"tpg-post-link\" target=\"_self\">\u00c9mile Boutin &#8211; Peintre vend\u00e9en (1874-1951)<\/a><\/h3><\/div>\n\t\t\t                <div class=\"post-meta-tags rt-el-post-meta\">\n\t\t\t\t\t            <span class='date'>\n\t\t\t\t                                    <a href=\"https:\/\/hcpderie.fr\/?m=20260225\">\n\t\t\t\t\t25 f\u00e9vrier 2026\t\t\t\t<\/a>\n                \t\t\t<\/span>\n                            <\/div>\n\t\t\t\n\n\t\t\t                <div class=\"tpg-excerpt tpg-el-excerpt\">\n\t\t\t\t\t                        <div class=\"tpg-excerpt-inner\">\n\t\t\t\t\t\t\t\u00c9mile Boutin, peintre r\u00e9gionaliste m\u00e9connu \u00c9mile Boutin, an underrated regionalist painter Annie Antoine, historienne, et Patrick Avrillas...                        <\/div>\n\t\t\t\t\t\t\t\t\t\t                <\/div>\n\t\t\t\n\t\t\t        <div class=\"post-footer\">\n            <div class=\"post-footer\">\n                <div class=\"read-more\">\n                    <a data-id=\"813\" href=\"https:\/\/hcpderie.fr\/?p=813\" class=\"tpg-post-link\" target=\"_self\">En savoir plus<\/a>                <\/div>\n            <\/div>\n        <\/div>\n                <\/div>\n    <\/div>\n<\/div>\n<div class=\"rt-col-md-4 rt-col-sm-6 rt-col-xs-12 default rt-grid-item post-1591 post type-post status-publish format-standard has-post-thumbnail hentry category-livre category-publication tag-allemands tag-guerre-39-45 tag-livre tag-occupation tag-saint-gilles-croix-de-viie tag-saint-hilaire-de-riez tag-vendee\"        data-id=\"1591\">\n    <div class=\"rt-holder tpg-post-holder \">\n        <div class=\"rt-detail rt-el-content-wrapper\">\n\t\t\t                <div class=\"rt-img-holder tpg-el-image-wrap has-thumbnail\">\n\t\t\t\t\t                        <img loading=\"lazy\" decoding=\"async\" src=\"https:\/\/hcpderie.fr\/wp-content\/uploads\/2026\/02\/Page-de-Couverture-par-Cyriaque-Feuillet.png\"\n                             class=\"rt-img-responsive\"\n                             width=\"424\"\n                             height=\"521\"\n                             alt=\"La seconde guerre mondiale au pays de Saint-Gilles\">\n                        \n                            \n        \n                <div class=\"overlay grid-hover-content\"><\/div>\n                        <\/div>\n\t\t\t\n\t\t\t<div class=\"entry-title-wrapper\"><h3 class=\"entry-title\"><a data-id=\"1591\" href=\"https:\/\/hcpderie.fr\/?p=1591\" class=\"tpg-post-link\" target=\"_self\">La seconde guerre mondiale au pays de Saint-Gilles<\/a><\/h3><\/div>\n\t\t\t                <div class=\"post-meta-tags rt-el-post-meta\">\n\t\t\t\t\t            <span class='date'>\n\t\t\t\t                                    <a href=\"https:\/\/hcpderie.fr\/?m=20240731\">\n\t\t\t\t\t31 juillet 2024\t\t\t\t<\/a>\n                \t\t\t<\/span>\n                            <\/div>\n\t\t\t\n\n\t\t\t                <div class=\"tpg-excerpt tpg-el-excerpt\">\n\t\t\t\t\t                        <div class=\"tpg-excerpt-inner\">\n\t\t\t\t\t\t\tUn livre dirig\u00e9 par M Cyriaque Feuillet \u00ab\u00a0La seconde guerre mondiale au Pays de Saint-Gilles\u00a0\u00bb \u00a0 LA SECONDE GUERRE MONDIALE...                        <\/div>\n\t\t\t\t\t\t\t\t\t\t                <\/div>\n\t\t\t\n\t\t\t        <div class=\"post-footer\">\n            <div class=\"post-footer\">\n                <div class=\"read-more\">\n                    <a data-id=\"1591\" href=\"https:\/\/hcpderie.fr\/?p=1591\" class=\"tpg-post-link\" target=\"_self\">En savoir plus<\/a>                <\/div>\n            <\/div>\n        <\/div>\n                <\/div>\n    <\/div>\n<\/div>\n<div class=\"rt-col-md-4 rt-col-sm-6 rt-col-xs-12 default rt-grid-item post-1097 post type-post status-publish format-standard has-post-thumbnail hentry category-livre category-publication tag-annie-antoine tag-carte-maritime tag-livre tag-n-carte-etat-major tag-patrick-avrillas tag-pla tag-saint-hilaire-de-riez tag-vendee\"        data-id=\"1097\">\n    <div class=\"rt-holder tpg-post-holder \">\n        <div class=\"rt-detail rt-el-content-wrapper\">\n\t\t\t                <div class=\"rt-img-holder tpg-el-image-wrap has-thumbnail\">\n\t\t\t\t\t                        <img loading=\"lazy\" decoding=\"async\" src=\"https:\/\/hcpderie.fr\/wp-content\/uploads\/2022\/11\/Document_2026-02-27_111145-768x585.jpg\"\n                             class=\"rt-img-responsive\"\n                             width=\"768\"\n                             height=\"585\"\n                             alt=\"Le Marais et les Isles\">\n                        \n                            \n        \n                <div class=\"overlay grid-hover-content\"><\/div>\n                        <\/div>\n\t\t\t\n\t\t\t<div class=\"entry-title-wrapper\"><h3 class=\"entry-title\"><a data-id=\"1097\" href=\"https:\/\/hcpderie.fr\/?p=1097\" class=\"tpg-post-link\" target=\"_self\">Le Marais et les Isles<\/a><\/h3><\/div>\n\t\t\t                <div class=\"post-meta-tags rt-el-post-meta\">\n\t\t\t\t\t            <span class='date'>\n\t\t\t\t                                    <a href=\"https:\/\/hcpderie.fr\/?m=20221121\">\n\t\t\t\t\t21 novembre 2022\t\t\t\t<\/a>\n                \t\t\t<\/span>\n                            <\/div>\n\t\t\t\n\n\t\t\t                <div class=\"tpg-excerpt tpg-el-excerpt\">\n\t\t\t\t\t                        <div class=\"tpg-excerpt-inner\">\n\t\t\t\t\t\t\tLE MARAIS ET LES ILES. Cartes et plans Cet ouvrage invite \u00e0 un double vagabondage \u00e0 travers les cartes et...                        <\/div>\n\t\t\t\t\t\t\t\t\t\t                <\/div>\n\t\t\t\n\t\t\t        <div class=\"post-footer\">\n            <div class=\"post-footer\">\n                <div class=\"read-more\">\n                    <a data-id=\"1097\" href=\"https:\/\/hcpderie.fr\/?p=1097\" class=\"tpg-post-link\" target=\"_self\">En savoir plus<\/a>                <\/div>\n            <\/div>\n        <\/div>\n                <\/div>\n    <\/div>\n<\/div>\n<div class=\"rt-col-md-4 rt-col-sm-6 rt-col-xs-12 default rt-grid-item post-1094 post type-post status-publish format-standard has-post-thumbnail hentry category-livre category-publication tag-livre\"        data-id=\"1094\">\n    <div class=\"rt-holder tpg-post-holder \">\n        <div class=\"rt-detail rt-el-content-wrapper\">\n\t\t\t                <div class=\"rt-img-holder tpg-el-image-wrap has-thumbnail\">\n\t\t\t\t\t                        <img loading=\"lazy\" decoding=\"async\" src=\"https:\/\/hcpderie.fr\/wp-content\/uploads\/2022\/11\/Document_2026-02-27_110324-768x1029.jpg\"\n                             class=\"rt-img-responsive\"\n                             width=\"768\"\n                             height=\"1029\"\n                             alt=\"Louis XIII un roi de guerre\">\n                        \n                            \n        \n                <div class=\"overlay grid-hover-content\"><\/div>\n                        <\/div>\n\t\t\t\n\t\t\t<div class=\"entry-title-wrapper\"><h3 class=\"entry-title\"><a data-id=\"1094\" href=\"https:\/\/hcpderie.fr\/?p=1094\" class=\"tpg-post-link\" target=\"_self\">Louis XIII un roi de guerre<\/a><\/h3><\/div>\n\t\t\t                <div class=\"post-meta-tags rt-el-post-meta\">\n\t\t\t\t\t            <span class='date'>\n\t\t\t\t                                    <a href=\"https:\/\/hcpderie.fr\/?m=20190601\">\n\t\t\t\t\t1 juin 2019\t\t\t\t<\/a>\n                \t\t\t<\/span>\n                            <\/div>\n\t\t\t\n\n\t\t\t                <div class=\"tpg-excerpt tpg-el-excerpt\">\n\t\t\t\t\t                        <div class=\"tpg-excerpt-inner\">\n\t\t\t\t\t\t\tLouis XIII un Roi de guerre La repr\u00e9sentation de Richelieu sur la digue de La Rochelle accapare l&rsquo;imagerie traditionnelle du...                        <\/div>\n\t\t\t\t\t\t\t\t\t\t                <\/div>\n\t\t\t\n\t\t\t        <div class=\"post-footer\">\n            <div class=\"post-footer\">\n                <div class=\"read-more\">\n                    <a data-id=\"1094\" href=\"https:\/\/hcpderie.fr\/?p=1094\" class=\"tpg-post-link\" target=\"_self\">En savoir plus<\/a>                <\/div>\n            <\/div>\n        <\/div>\n                <\/div>\n    <\/div>\n<\/div>\n<div class=\"rt-col-md-4 rt-col-sm-6 rt-col-xs-12 default rt-grid-item post-2155 post type-post status-publish format-standard has-post-thumbnail hentry category-livre category-publication tag-livre\"        data-id=\"2155\">\n    <div class=\"rt-holder tpg-post-holder \">\n        <div class=\"rt-detail rt-el-content-wrapper\">\n\t\t\t                <div class=\"rt-img-holder tpg-el-image-wrap has-thumbnail\">\n\t\t\t\t\t                        <img loading=\"lazy\" decoding=\"async\" src=\"https:\/\/hcpderie.fr\/wp-content\/uploads\/2013\/08\/couverture.jpg\"\n                             class=\"rt-img-responsive\"\n                             width=\"321\"\n                             height=\"425\"\n                             alt=\"Livre:\u00a0\u00ab\u00a0Louis XIII et la bataille de l\u2019isle de Ri\u00e9\u00a0\u00bb\">\n                        \n                            \n        \n                <div class=\"overlay grid-hover-content\"><\/div>\n                        <\/div>\n\t\t\t\n\t\t\t<div class=\"entry-title-wrapper\"><h3 class=\"entry-title\"><a data-id=\"2155\" href=\"https:\/\/hcpderie.fr\/?p=2155\" class=\"tpg-post-link\" target=\"_self\">Livre:\u00a0\u00ab\u00a0Louis XIII et la bataille de l\u2019isle de Ri\u00e9\u00a0\u00bb<\/a><\/h3><\/div>\n\t\t\t                <div class=\"post-meta-tags rt-el-post-meta\">\n\t\t\t\t\t            <span class='date'>\n\t\t\t\t                                    <a href=\"https:\/\/hcpderie.fr\/?m=20130809\">\n\t\t\t\t\t9 ao\u00fbt 2013\t\t\t\t<\/a>\n                \t\t\t<\/span>\n                            <\/div>\n\t\t\t\n\n\t\t\t                <div class=\"tpg-excerpt tpg-el-excerpt\">\n\t\t\t\t\t                        <div class=\"tpg-excerpt-inner\">\n\t\t\t\t\t\t\tLouis XIII et la bataille de l&rsquo;isle de Ri\u00e9 \u00a0 Dans cet ouvrage, Patrick Avrillas a souhait\u00e9 mettre la lumi\u00e8re...                        <\/div>\n\t\t\t\t\t\t\t\t\t\t                <\/div>\n\t\t\t\n\t\t\t        <div class=\"post-footer\">\n            <div class=\"post-footer\">\n                <div class=\"read-more\">\n                    <a data-id=\"2155\" href=\"https:\/\/hcpderie.fr\/?p=2155\" class=\"tpg-post-link\" target=\"_self\">En savoir plus<\/a>                <\/div>\n            <\/div>\n        <\/div>\n                <\/div>\n    <\/div>\n<\/div>\n\t\t\t<\/div>\n\t\t\t\n\t\t<\/div>\n\t\t\t\t\t\t<\/div>\n\t\t\t\t<\/div>\n\t\t\t\t\t<\/div>\n\t\t\t\t<\/div>\n\t\t\t\t<\/div>\n\t\t","protected":false},"excerpt":{"rendered":"<p>Nos livres \u00c9mile Boutin &#8211; Peintre vend\u00e9en (1874-1951) 25 f\u00e9vrier 2026 \u00c9mile Boutin, peintre r\u00e9gionaliste m\u00e9connu \u00c9mile Boutin, an underrated [&hellip;]<\/p>\n","protected":false},"author":1,"featured_media":0,"parent":0,"menu_order":0,"comment_status":"closed","ping_status":"closed","template":"","meta":{"_angie_page":false,"site-sidebar-layout":"default","site-content-layout":"","ast-site-content-layout":"default","site-content-style":"default","site-sidebar-style":"default","ast-global-header-display":"","ast-banner-title-visibility":"","ast-main-header-display":"","ast-hfb-above-header-display":"","ast-hfb-below-header-display":"","ast-hfb-mobile-header-display":"","site-post-title":"","ast-breadcrumbs-content":"","ast-featured-img":"","footer-sml-layout":"","ast-disable-related-posts":"","theme-transparent-header-meta":"","adv-header-id-meta":"","stick-header-meta":"","header-above-stick-meta":"","header-main-stick-meta":"","header-below-stick-meta":"","astra-migrate-meta-layouts":"default","ast-page-background-enabled":"default","ast-page-background-meta":{"desktop":{"background-color":"var(--ast-global-color-5)","background-image":"","background-repeat":"repeat","background-position":"center center","background-size":"auto","background-attachment":"scroll","background-type":"","background-media":"","overlay-type":"","overlay-color":"","overlay-opacity":"","overlay-gradient":""},"tablet":{"background-color":"","background-image":"","background-repeat":"repeat","background-position":"center center","background-size":"auto","background-attachment":"scroll","background-type":"","background-media":"","overlay-type":"","overlay-color":"","overlay-opacity":"","overlay-gradient":""},"mobile":{"background-color":"","background-image":"","background-repeat":"repeat","background-position":"center center","background-size":"auto","background-attachment":"scroll","background-type":"","background-media":"","overlay-type":"","overlay-color":"","overlay-opacity":"","overlay-gradient":""}},"ast-content-background-meta":{"desktop":{"background-color":"var(--ast-global-color-4)","background-image":"","background-repeat":"repeat","background-position":"center center","background-size":"auto","background-attachment":"scroll","background-type":"","background-media":"","overlay-type":"","overlay-color":"","overlay-opacity":"","overlay-gradient":""},"tablet":{"background-color":"var(--ast-global-color-4)","background-image":"","background-repeat":"repeat","background-position":"center center","background-size":"auto","background-attachment":"scroll","background-type":"","background-media":"","overlay-type":"","overlay-color":"","overlay-opacity":"","overlay-gradient":""},"mobile":{"background-color":"var(--ast-global-color-4)","background-image":"","background-repeat":"repeat","background-position":"center center","background-size":"auto","background-attachment":"scroll","background-type":"","background-media":"","overlay-type":"","overlay-color":"","overlay-opacity":"","overlay-gradient":""}},"footnotes":""},"class_list":["post-2050","page","type-page","status-publish","hentry"],"aioseo_notices":[],"jetpack_sharing_enabled":true,"jetpack_likes_enabled":true,"rttpg_featured_image_url":null,"rttpg_author":{"display_name":"ADMIN17","author_link":"https:\/\/hcpderie.fr\/?author=1"},"rttpg_comment":0,"rttpg_category":"","rttpg_excerpt":"Nos livres \u00c9mile Boutin &#8211; Peintre vend\u00e9en (1874-1951) 25 f\u00e9vrier 2026 \u00c9mile Boutin, peintre r\u00e9gionaliste m\u00e9connu \u00c9mile Boutin, an underrated [&hellip;]","_links":{"self":[{"href":"https:\/\/hcpderie.fr\/index.php?rest_route=\/wp\/v2\/pages\/2050","targetHints":{"allow":["GET"]}}],"collection":[{"href":"https:\/\/hcpderie.fr\/index.php?rest_route=\/wp\/v2\/pages"}],"about":[{"href":"https:\/\/hcpderie.fr\/index.php?rest_route=\/wp\/v2\/types\/page"}],"author":[{"embeddable":true,"href":"https:\/\/hcpderie.fr\/index.php?rest_route=\/wp\/v2\/users\/1"}],"replies":[{"embeddable":true,"href":"https:\/\/hcpderie.fr\/index.php?rest_route=%2Fwp%2Fv2%2Fcomments&post=2050"}],"version-history":[{"count":7,"href":"https:\/\/hcpderie.fr\/index.php?rest_route=\/wp\/v2\/pages\/2050\/revisions"}],"predecessor-version":[{"id":2059,"href":"https:\/\/hcpderie.fr\/index.php?rest_route=\/wp\/v2\/pages\/2050\/revisions\/2059"}],"wp:attachment":[{"href":"https:\/\/hcpderie.fr\/index.php?rest_route=%2Fwp%2Fv2%2Fmedia&parent=2050"}],"curies":[{"name":"wp","href":"https:\/\/api.w.org\/{rel}","templated":true}]}}