{"id":1756,"date":"2026-03-06T08:32:50","date_gmt":"2026-03-06T07:32:50","guid":{"rendered":"https:\/\/hcpderie.fr\/myfreshinstall01\/?page_id=1756"},"modified":"2026-03-09T09:52:21","modified_gmt":"2026-03-09T08:52:21","slug":"videos-du-club-focal","status":"publish","type":"page","link":"https:\/\/hcpderie.fr\/?page_id=1756","title":{"rendered":"vid\u00e9os du club Foc&rsquo;A.L."},"content":{"rendered":"\t\t<div data-elementor-type=\"wp-page\" data-elementor-id=\"1756\" class=\"elementor elementor-1756\">\n\t\t\t\t<div class=\"elementor-element elementor-element-1f04b326 e-flex e-con-boxed e-con e-parent\" data-id=\"1f04b326\" data-element_type=\"container\" data-e-type=\"container\">\n\t\t\t\t\t<div class=\"e-con-inner\">\n\t\t\t\t<div class=\"elementor-element elementor-element-14ab95dc elementor-widget elementor-widget-text-editor\" data-id=\"14ab95dc\" data-element_type=\"widget\" data-e-type=\"widget\" data-widget_type=\"text-editor.default\">\n\t\t\t\t\t\t\t\t\t\t\t\t\t\t\t\t\t<\/div>\n\t\t\t\t\t<\/div>\n\t\t\t\t<\/div>\n\t\t<div class=\"elementor-element elementor-element-4ae35b6 e-flex e-con-boxed e-con e-parent\" data-id=\"4ae35b6\" data-element_type=\"container\" data-e-type=\"container\">\n\t\t\t\t\t<div class=\"e-con-inner\">\n\t\t\t\t<div class=\"elementor-element elementor-element-5e274c4 elementor-widget elementor-widget-heading\" data-id=\"5e274c4\" data-element_type=\"widget\" data-e-type=\"widget\" data-widget_type=\"heading.default\">\n\t\t\t\t\t<h2 class=\"elementor-heading-title elementor-size-default\"> La Seconde Guerre mondiale au pays de Saint-Gilles-Croix-de-Vie<\/h2>\t\t\t\t<\/div>\n\t\t\t\t\t<\/div>\n\t\t\t\t<\/div>\n\t\t<div class=\"elementor-element elementor-element-14e96c5 e-flex e-con-boxed e-con e-parent\" data-id=\"14e96c5\" data-element_type=\"container\" data-e-type=\"container\">\n\t\t\t\t\t<div class=\"e-con-inner\">\n\t\t<div class=\"elementor-element elementor-element-b4fe5bb e-con-full e-flex e-con e-child\" data-id=\"b4fe5bb\" data-element_type=\"container\" data-e-type=\"container\">\n\t\t\t\t<div class=\"elementor-element elementor-element-c288515 elementor-widget__width-initial elementor-widget elementor-widget-image\" data-id=\"c288515\" data-element_type=\"widget\" data-e-type=\"widget\" data-widget_type=\"image.default\">\n\t\t\t\t\t\t\t\t\t\t\t\t\t\t\t<img decoding=\"async\" width=\"160\" height=\"160\" src=\"https:\/\/hcpderie.fr\/wp-content\/uploads\/2026\/03\/channels4_profile.jpg\" class=\"attachment-large size-large wp-image-1775\" alt=\"\" srcset=\"https:\/\/hcpderie.fr\/wp-content\/uploads\/2026\/03\/channels4_profile.jpg 160w, https:\/\/hcpderie.fr\/wp-content\/uploads\/2026\/03\/channels4_profile-150x150.jpg 150w\" sizes=\"(max-width: 160px) 100vw, 160px\" \/>\t\t\t\t\t\t\t\t\t\t\t\t\t\t\t<\/div>\n\t\t\t\t<\/div>\n\t\t<div class=\"elementor-element elementor-element-eab443b e-con-full e-flex e-con e-child\" data-id=\"eab443b\" data-element_type=\"container\" data-e-type=\"container\">\n\t\t\t\t<div class=\"elementor-element elementor-element-4bd3a28 elementor-widget__width-initial elementor-widget elementor-widget-text-editor\" data-id=\"4bd3a28\" data-element_type=\"widget\" data-e-type=\"widget\" data-widget_type=\"text-editor.default\">\n\t\t\t\t\t\t\t\t\t<h5>Videos r\u00e9alis\u00e9es par Foc&rsquo;A.L., la section vid\u00e9o de l&rsquo;Amicale la\u00efque de Saint-Gilles-Croix-de-Vie<\/h5>\n<h6>\u00a0<\/h6>\t\t\t\t\t\t\t\t<\/div>\n\t\t\t\t<\/div>\n\t\t\t\t\t<\/div>\n\t\t\t\t<\/div>\n\t\t<div class=\"elementor-element elementor-element-b1cb2aa e-flex e-con-boxed e-con e-parent\" data-id=\"b1cb2aa\" data-element_type=\"container\" data-e-type=\"container\">\n\t\t\t\t\t<div class=\"e-con-inner\">\n\t\t<div class=\"elementor-element elementor-element-6d9f0b9 e-con-full e-flex e-con e-child\" data-id=\"6d9f0b9\" data-element_type=\"container\" data-e-type=\"container\">\n\t\t\t\t<div class=\"elementor-element elementor-element-832ff16 elementor-widget__width-initial elementor-widget elementor-widget-text-editor\" data-id=\"832ff16\" data-element_type=\"widget\" data-e-type=\"widget\" data-widget_type=\"text-editor.default\">\n\t\t\t\t\t\t\t\t\t<h5>Les vid\u00e9os sont accessibles sur le site :<\/h5>\n<p><a href=\"https:\/\/www.youtube.com\/@clubfocal1159\/videos\">Site du club Foc&rsquo;A.L.<\/a><\/p>\t\t\t\t\t\t\t\t<\/div>\n\t\t\t\t<\/div>\n\t\t\t\t\t<\/div>\n\t\t\t\t<\/div>\n\t\t<div class=\"elementor-element elementor-element-8607bbb e-flex e-con-boxed e-con e-parent\" data-id=\"8607bbb\" data-element_type=\"container\" data-e-type=\"container\">\n\t\t\t\t\t<div class=\"e-con-inner\">\n\t\t<div class=\"elementor-element elementor-element-cf0f7c1 e-con-full e-flex e-con e-child\" data-id=\"cf0f7c1\" data-element_type=\"container\" data-e-type=\"container\">\n\t\t\t\t<div class=\"elementor-element elementor-element-4c3c9b7 premium-video__glow-none elementor-widget elementor-widget-premium-addon-video-box\" data-id=\"4c3c9b7\" data-element_type=\"widget\" data-e-type=\"widget\" data-settings=\"{&quot;premium_video_box_video_type&quot;:&quot;youtube&quot;,&quot;aspect_ratio&quot;:&quot;169&quot;}\" data-widget_type=\"premium-addon-video-box.default\">\n\t\t\t\t<div class=\"elementor-widget-container\">\n\t\t\t\t\t\n\n\t\t\n\t\t\t\t\t<div id=\"premium-video-box-container-4c3c9b7\" class=\"premium-video-box-container\" data-overlay=\"true\" data-type=\"youtube\" data-thumbnail=\"\" data-hover=\"none\">\n\t\t\t\t<div  >\n\t\t\t\t\t\n\t\t\t\t\t<div class=\"premium-video-box-inner-wrap\" data-video-animation=\" animated-\" data-delay-animation=\"\">\n\t\t\t\t\t\t<div data-src=\"https:\/\/www.youtube.com\/embed\/CTtGh5DaxGk?feature=oembed&amp;rel=0&amp;mute=0&amp;loop=0&amp;controls=1&amp;playsinline=0&amp;cc_load_policy=0\" class=\"premium-video-box-video-container\">\n\t\t\t\t\t\t\t\n\t\t\t\t\t\t\t\t\t\t\t\t\t<\/div>\n\t\t\t\t\t\t\t<div style=\"background-image:transparent\" class=\"premium-video-box-image-container none\"><\/div>\n\t\t\t\t\t\t\t\t\t\t\t\t\t\t\t\t\t\t\t\t\t\t\t\t\t\t\t\t\t\t\t\t\t<div class=\"premium-video-box-description-container\">\n\t\t\t\t\t\t\t\t<p class=\"premium-video-box-text\">\n\t\t\t\t\t\t\t\t\t<span >\n\t\t\t\t\t\t\t\t\t\t\u00c9pisode 1 : De la de\u0301claration de la guerre a\u0300 la de\u0301ba\u0302cle.\n1939, l'imminence d'une guerre est dans toutes les t\u00eates, pourtant les \u00e9diles pr\u00e9parent la saison touristique de 1940. Le 3 septembre, la guerre est d\u00e9clar\u00e9e. Les hommes sont mobilis\u00e9s. La blitzkrieg d\u00e9clench\u00e9e en mai 1940 par Hitler entrainera la d\u00e9route de l'arm\u00e9e fran\u00e7aise et jettera un flot de r\u00e9fugi\u00e9s sur les routes. Les villes du canton vont accueillir plus de 3000 r\u00e9fugi\u00e9s en provenance principalement des Ardennes.\n\t\t\t\t\t\t\t\t\t<\/span>\n\t\t\t\t\t\t\t\t<\/p>\n\t\t\t\t\t\t\t<\/div>\n\t\t\t\t\t\t\t\t\t\t\t<\/div>\n\n\t\t\t\t<\/div>\n\t\t\t<\/div>\n\t\t\n\t\t\t\t\t\t<\/div>\n\t\t\t\t<\/div>\n\t\t\t\t<\/div>\n\t\t<div class=\"elementor-element elementor-element-c01fb69 e-con-full e-flex e-con e-child\" data-id=\"c01fb69\" data-element_type=\"container\" data-e-type=\"container\">\n\t\t\t\t<div class=\"elementor-element elementor-element-718e2f2 premium-video__glow-none elementor-widget elementor-widget-premium-addon-video-box\" data-id=\"718e2f2\" data-element_type=\"widget\" data-e-type=\"widget\" data-settings=\"{&quot;premium_video_box_video_type&quot;:&quot;youtube&quot;,&quot;aspect_ratio&quot;:&quot;169&quot;}\" data-widget_type=\"premium-addon-video-box.default\">\n\t\t\t\t<div class=\"elementor-widget-container\">\n\t\t\t\t\t\n\n\t\t\n\t\t\t\t\t<div id=\"premium-video-box-container-718e2f2\" class=\"premium-video-box-container\" data-overlay=\"true\" data-type=\"youtube\" data-thumbnail=\"\" data-hover=\"none\">\n\t\t\t\t<div  >\n\t\t\t\t\t\n\t\t\t\t\t<div class=\"premium-video-box-inner-wrap\" data-video-animation=\" animated-\" data-delay-animation=\"\">\n\t\t\t\t\t\t<div data-src=\"https:\/\/www.youtube.com\/embed\/TSgeeSF0ypE?feature=oembed&amp;rel=0&amp;mute=0&amp;loop=0&amp;controls=1&amp;playsinline=0&amp;cc_load_policy=0\" class=\"premium-video-box-video-container\">\n\t\t\t\t\t\t\t\n\t\t\t\t\t\t\t\t\t\t\t\t\t<\/div>\n\t\t\t\t\t\t\t<div style=\"background-image:transparent\" class=\"premium-video-box-image-container none\"><\/div>\n\t\t\t\t\t\t\t\t\t\t\t\t\t\t\t\t\t\t\t\t\t\t\t\t\t\t\t\t\t\t\t\t\t<div class=\"premium-video-box-description-container\">\n\t\t\t\t\t\t\t\t<p class=\"premium-video-box-text\">\n\t\t\t\t\t\t\t\t\t<span >\n\t\t\t\t\t\t\t\t\t\t\u00c9pisode 2 : Les Allemands p\u00e9n\u00e8trent dans le Pays de Saint-Gilles \nLe 22 juin 1940, les troupes allemandes entrent dans le canton de Saint-Gilles-Croix-de-Vie, plongeant la population dans la stupeur. Nos t\u00e9moins retracent leur parcours, de Sion \u00e0 Saint-Gilles, en passant par la Corniche. Ce 22 juin est \u00e9galement le jour de la signature de l'armistice. L'arm\u00e9e allemande a donc vocation \u00e0 rester.  C'est en r\u00e9alit\u00e9 une arm\u00e9e d'Occupation qui p\u00e9n\u00e8tre le pays.\t\t\t\t\t\t\t\t\t<\/span>\n\t\t\t\t\t\t\t\t<\/p>\n\t\t\t\t\t\t\t<\/div>\n\t\t\t\t\t\t\t\t\t\t\t<\/div>\n\n\t\t\t\t<\/div>\n\t\t\t<\/div>\n\t\t\n\t\t\t\t\t\t<\/div>\n\t\t\t\t<\/div>\n\t\t\t\t<\/div>\n\t\t<div class=\"elementor-element elementor-element-530fd80 e-con-full e-flex e-con e-child\" data-id=\"530fd80\" data-element_type=\"container\" data-e-type=\"container\">\n\t\t\t\t<div class=\"elementor-element elementor-element-9a7178e premium-video__glow-none elementor-widget elementor-widget-premium-addon-video-box\" data-id=\"9a7178e\" data-element_type=\"widget\" data-e-type=\"widget\" data-settings=\"{&quot;premium_video_box_video_type&quot;:&quot;youtube&quot;,&quot;aspect_ratio&quot;:&quot;169&quot;}\" data-widget_type=\"premium-addon-video-box.default\">\n\t\t\t\t<div class=\"elementor-widget-container\">\n\t\t\t\t\t\n\n\t\t\n\t\t\t\t\t<div id=\"premium-video-box-container-9a7178e\" class=\"premium-video-box-container\" data-overlay=\"true\" data-type=\"youtube\" data-thumbnail=\"\" data-hover=\"none\">\n\t\t\t\t<div  >\n\t\t\t\t\t\n\t\t\t\t\t<div class=\"premium-video-box-inner-wrap\" data-video-animation=\" animated-\" data-delay-animation=\"\">\n\t\t\t\t\t\t<div data-src=\"https:\/\/www.youtube.com\/embed\/SU7XZ7GvBN4?feature=oembed&amp;rel=0&amp;mute=0&amp;loop=0&amp;controls=1&amp;playsinline=0&amp;cc_load_policy=0\" class=\"premium-video-box-video-container\">\n\t\t\t\t\t\t\t\n\t\t\t\t\t\t\t\t\t\t\t\t\t<\/div>\n\t\t\t\t\t\t\t<div style=\"background-image:transparent\" class=\"premium-video-box-image-container none\"><\/div>\n\t\t\t\t\t\t\t\t\t\t\t\t\t\t\t\t\t\t\t\t\t\t\t\t\t\t\t\t\t\t\t\t\t<div class=\"premium-video-box-description-container\">\n\t\t\t\t\t\t\t\t<p class=\"premium-video-box-text\">\n\t\t\t\t\t\t\t\t\t<span >\n\t\t\t\t\t\t\t\t\t\t\u00c9pisode 3 : Le r\u00e9gime de Vichy\nLes pleins pouvoirs conf\u00e9r\u00e9s au Mar\u00e9chal P\u00e9tain vont transformer les principes fondamentaux de la R\u00e9publique bas\u00e9s sur le parlementarisme, la s\u00e9paration des pouvoirs et l\u2019\u00e9galit\u00e9 des citoyens. Les fonctionnaires doivent pr\u00eater all\u00e9geance au Mar\u00e9chal. Les conseils municipaux des villes de plus de 2000 habitants sont dissous. Le statut des juif est adopt\u00e9.\t\t\t\t\t\t\t\t\t<\/span>\n\t\t\t\t\t\t\t\t<\/p>\n\t\t\t\t\t\t\t<\/div>\n\t\t\t\t\t\t\t\t\t\t\t<\/div>\n\n\t\t\t\t<\/div>\n\t\t\t<\/div>\n\t\t\n\t\t\t\t\t\t<\/div>\n\t\t\t\t<\/div>\n\t\t\t\t<\/div>\n\t\t<div class=\"elementor-element elementor-element-0eb870c e-con-full e-flex e-con e-child\" data-id=\"0eb870c\" data-element_type=\"container\" data-e-type=\"container\">\n\t\t\t\t<div class=\"elementor-element elementor-element-ab33be9 elementor-widget elementor-widget-text-editor\" data-id=\"ab33be9\" data-element_type=\"widget\" data-e-type=\"widget\" data-widget_type=\"text-editor.default\">\n\t\t\t\t\t\t\t\t\t<h5>\u00c9pisode 1 : De la de\u0301claration de la guerre a\u0300 la de\u0301ba\u0302cle.\u00a0<\/h5>\t\t\t\t\t\t\t\t<\/div>\n\t\t\t\t<\/div>\n\t\t<div class=\"elementor-element elementor-element-1f6685b e-con-full e-flex e-con e-child\" data-id=\"1f6685b\" data-element_type=\"container\" data-e-type=\"container\">\n\t\t\t\t<div class=\"elementor-element elementor-element-c9d1f69 elementor-widget elementor-widget-text-editor\" data-id=\"c9d1f69\" data-element_type=\"widget\" data-e-type=\"widget\" data-widget_type=\"text-editor.default\">\n\t\t\t\t\t\t\t\t\t<h5>\u00c9pisode 2 : Les Allemands p\u00e9n\u00e8trent dans le Pays de Saint-Gilles\u00a0<\/h5>\t\t\t\t\t\t\t\t<\/div>\n\t\t\t\t<\/div>\n\t\t<div class=\"elementor-element elementor-element-d0cc2a2 e-con-full e-flex e-con e-child\" data-id=\"d0cc2a2\" data-element_type=\"container\" data-e-type=\"container\">\n\t\t\t\t<div class=\"elementor-element elementor-element-10d6aaf elementor-widget elementor-widget-text-editor\" data-id=\"10d6aaf\" data-element_type=\"widget\" data-e-type=\"widget\" data-widget_type=\"text-editor.default\">\n\t\t\t\t\t\t\t\t\t<h5>\u00c9pisode 3 : Le r\u00e9gime de Vichy\u00a0<\/h5>\t\t\t\t\t\t\t\t<\/div>\n\t\t\t\t<\/div>\n\t\t\t\t\t<\/div>\n\t\t\t\t<\/div>\n\t\t<div class=\"elementor-element elementor-element-b2e7f97 e-flex e-con-boxed e-con e-parent\" data-id=\"b2e7f97\" data-element_type=\"container\" data-e-type=\"container\">\n\t\t\t\t\t<div class=\"e-con-inner\">\n\t\t<div class=\"elementor-element elementor-element-0550179 e-con-full e-flex e-con e-child\" data-id=\"0550179\" data-element_type=\"container\" data-e-type=\"container\">\n\t\t\t\t<div class=\"elementor-element elementor-element-9115737 premium-video__glow-none elementor-widget elementor-widget-premium-addon-video-box\" data-id=\"9115737\" data-element_type=\"widget\" data-e-type=\"widget\" data-settings=\"{&quot;premium_video_box_video_type&quot;:&quot;youtube&quot;,&quot;aspect_ratio&quot;:&quot;169&quot;}\" data-widget_type=\"premium-addon-video-box.default\">\n\t\t\t\t<div class=\"elementor-widget-container\">\n\t\t\t\t\t\n\n\t\t\n\t\t\t\t\t<div id=\"premium-video-box-container-9115737\" class=\"premium-video-box-container\" data-overlay=\"true\" data-type=\"youtube\" data-thumbnail=\"\" data-hover=\"none\">\n\t\t\t\t<div  >\n\t\t\t\t\t\n\t\t\t\t\t<div class=\"premium-video-box-inner-wrap\" data-video-animation=\" animated-\" data-delay-animation=\"\">\n\t\t\t\t\t\t<div data-src=\"https:\/\/www.youtube.com\/embed\/R9ygp8i_OqI?feature=oembed&amp;rel=0&amp;mute=0&amp;loop=0&amp;controls=1&amp;playsinline=0&amp;cc_load_policy=0\" class=\"premium-video-box-video-container\">\n\t\t\t\t\t\t\t\n\t\t\t\t\t\t\t\t\t\t\t\t\t<\/div>\n\t\t\t\t\t\t\t<div style=\"background-image:transparent\" class=\"premium-video-box-image-container none\"><\/div>\n\t\t\t\t\t\t\t\t\t\t\t\t\t\t\t\t\t\t\t\t\t\t\t\t\t\t\t\t\t\t\t\t\t<div class=\"premium-video-box-description-container\">\n\t\t\t\t\t\t\t\t<p class=\"premium-video-box-text\">\n\t\t\t\t\t\t\t\t\t<span >\n\t\t\t\t\t\t\t\t\t\t\u00c9pisode 1 : De la de\u0301claration de la guerre a\u0300 la de\u0301ba\u0302cle.\n1939, l'imminence d'une guerre est dans toutes les t\u00eates, pourtant les \u00e9diles pr\u00e9parent la saison touristique de 1940. Le 3 septembre, la guerre est d\u00e9clar\u00e9e. Les hommes sont mobilis\u00e9s. La blitzkrieg d\u00e9clench\u00e9e en mai 1940 par Hitler entrainera la d\u00e9route de l'arm\u00e9e fran\u00e7aise et jettera un flot de r\u00e9fugi\u00e9s sur les routes. Les villes du canton vont accueillir plus de 3000 r\u00e9fugi\u00e9s en provenance principalement des Ardennes.\n\t\t\t\t\t\t\t\t\t<\/span>\n\t\t\t\t\t\t\t\t<\/p>\n\t\t\t\t\t\t\t<\/div>\n\t\t\t\t\t\t\t\t\t\t\t<\/div>\n\n\t\t\t\t<\/div>\n\t\t\t<\/div>\n\t\t\n\t\t\t\t\t\t<\/div>\n\t\t\t\t<\/div>\n\t\t\t\t<\/div>\n\t\t<div class=\"elementor-element elementor-element-4ad4524 e-con-full e-flex e-con e-child\" data-id=\"4ad4524\" data-element_type=\"container\" data-e-type=\"container\">\n\t\t\t\t<div class=\"elementor-element elementor-element-5be578c premium-video__glow-none elementor-widget elementor-widget-premium-addon-video-box\" data-id=\"5be578c\" data-element_type=\"widget\" data-e-type=\"widget\" data-settings=\"{&quot;premium_video_box_video_type&quot;:&quot;youtube&quot;,&quot;aspect_ratio&quot;:&quot;169&quot;}\" data-widget_type=\"premium-addon-video-box.default\">\n\t\t\t\t<div class=\"elementor-widget-container\">\n\t\t\t\t\t\n\n\t\t\n\t\t\t\t\t<div id=\"premium-video-box-container-5be578c\" class=\"premium-video-box-container\" data-overlay=\"true\" data-type=\"youtube\" data-thumbnail=\"\" data-hover=\"none\">\n\t\t\t\t<div  >\n\t\t\t\t\t\n\t\t\t\t\t<div class=\"premium-video-box-inner-wrap\" data-video-animation=\" animated-\" data-delay-animation=\"\">\n\t\t\t\t\t\t<div data-src=\"https:\/\/www.youtube.com\/embed\/nJxVFhB-gUg?feature=oembed&amp;rel=0&amp;mute=0&amp;loop=0&amp;controls=1&amp;playsinline=0&amp;cc_load_policy=0\" class=\"premium-video-box-video-container\">\n\t\t\t\t\t\t\t\n\t\t\t\t\t\t\t\t\t\t\t\t\t<\/div>\n\t\t\t\t\t\t\t<div style=\"background-image:transparent\" class=\"premium-video-box-image-container none\"><\/div>\n\t\t\t\t\t\t\t\t\t\t\t\t\t\t\t\t\t\t\t\t\t\t\t\t\t\t\t\t\t\t\t\t\t<div class=\"premium-video-box-description-container\">\n\t\t\t\t\t\t\t\t<p class=\"premium-video-box-text\">\n\t\t\t\t\t\t\t\t\t<span >\n\t\t\t\t\t\t\t\t\t\t\u00c9pisode 2 : Les Allemands p\u00e9n\u00e8trent dans le Pays de Saint-Gilles \nLe 22 juin 1940, les troupes allemandes entrent dans le canton de Saint-Gilles-Croix-de-Vie, plongeant la population dans la stupeur. Nos t\u00e9moins retracent leur parcours, de Sion \u00e0 Saint-Gilles, en passant par la Corniche. Ce 22 juin est \u00e9galement le jour de la signature de l'armistice. L'arm\u00e9e allemande a donc vocation \u00e0 rester.  C'est en r\u00e9alit\u00e9 une arm\u00e9e d'Occupation qui p\u00e9n\u00e8tre le pays.\t\t\t\t\t\t\t\t\t<\/span>\n\t\t\t\t\t\t\t\t<\/p>\n\t\t\t\t\t\t\t<\/div>\n\t\t\t\t\t\t\t\t\t\t\t<\/div>\n\n\t\t\t\t<\/div>\n\t\t\t<\/div>\n\t\t\n\t\t\t\t\t\t<\/div>\n\t\t\t\t<\/div>\n\t\t\t\t<\/div>\n\t\t<div class=\"elementor-element elementor-element-70bd0e3 e-con-full e-flex e-con e-child\" data-id=\"70bd0e3\" data-element_type=\"container\" data-e-type=\"container\">\n\t\t\t\t<div class=\"elementor-element elementor-element-ad0d150 premium-video__glow-none elementor-widget elementor-widget-premium-addon-video-box\" data-id=\"ad0d150\" data-element_type=\"widget\" data-e-type=\"widget\" data-settings=\"{&quot;premium_video_box_video_type&quot;:&quot;youtube&quot;,&quot;aspect_ratio&quot;:&quot;169&quot;}\" data-widget_type=\"premium-addon-video-box.default\">\n\t\t\t\t<div class=\"elementor-widget-container\">\n\t\t\t\t\t\n\n\t\t\n\t\t\t\t\t<div id=\"premium-video-box-container-ad0d150\" class=\"premium-video-box-container\" data-overlay=\"true\" data-type=\"youtube\" data-thumbnail=\"\" data-hover=\"none\">\n\t\t\t\t<div  >\n\t\t\t\t\t\n\t\t\t\t\t<div class=\"premium-video-box-inner-wrap\" data-video-animation=\" animated-\" data-delay-animation=\"\">\n\t\t\t\t\t\t<div data-src=\"https:\/\/www.youtube.com\/embed\/chWVaStKFyw?feature=oembed&amp;rel=0&amp;mute=0&amp;loop=0&amp;controls=1&amp;playsinline=0&amp;cc_load_policy=0\" class=\"premium-video-box-video-container\">\n\t\t\t\t\t\t\t\n\t\t\t\t\t\t\t\t\t\t\t\t\t<\/div>\n\t\t\t\t\t\t\t<div style=\"background-image:transparent\" class=\"premium-video-box-image-container none\"><\/div>\n\t\t\t\t\t\t\t\t\t\t\t\t\t\t\t\t\t\t\t\t\t\t\t\t\t\t\t\t\t\t\t\t\t<div class=\"premium-video-box-description-container\">\n\t\t\t\t\t\t\t\t<p class=\"premium-video-box-text\">\n\t\t\t\t\t\t\t\t\t<span >\n\t\t\t\t\t\t\t\t\t\t\u00c9pisode 3 : Le r\u00e9gime de Vichy\nLes pleins pouvoirs conf\u00e9r\u00e9s au Mar\u00e9chal P\u00e9tain vont transformer les principes fondamentaux de la R\u00e9publique bas\u00e9s sur le parlementarisme, la s\u00e9paration des pouvoirs et l\u2019\u00e9galit\u00e9 des citoyens. Les fonctionnaires doivent pr\u00eater all\u00e9geance au Mar\u00e9chal. Les conseils municipaux des villes de plus de 2000 habitants sont dissous. Le statut des juif est adopt\u00e9.\t\t\t\t\t\t\t\t\t<\/span>\n\t\t\t\t\t\t\t\t<\/p>\n\t\t\t\t\t\t\t<\/div>\n\t\t\t\t\t\t\t\t\t\t\t<\/div>\n\n\t\t\t\t<\/div>\n\t\t\t<\/div>\n\t\t\n\t\t\t\t\t\t<\/div>\n\t\t\t\t<\/div>\n\t\t\t\t<\/div>\n\t\t<div class=\"elementor-element elementor-element-f912168 e-con-full e-flex e-con e-child\" data-id=\"f912168\" data-element_type=\"container\" data-e-type=\"container\">\n\t\t\t\t<div class=\"elementor-element elementor-element-dd4118e elementor-widget elementor-widget-text-editor\" data-id=\"dd4118e\" data-element_type=\"widget\" data-e-type=\"widget\" data-widget_type=\"text-editor.default\">\n\t\t\t\t\t\t\t\t\t<h5>\u00c9pisode 4 : Les Allemands informent les r\u00e8gles \u00e0 suivre<\/h5>\t\t\t\t\t\t\t\t<\/div>\n\t\t\t\t<\/div>\n\t\t<div class=\"elementor-element elementor-element-064aea3 e-con-full e-flex e-con e-child\" data-id=\"064aea3\" data-element_type=\"container\" data-e-type=\"container\">\n\t\t\t\t<div class=\"elementor-element elementor-element-79db555 elementor-widget elementor-widget-text-editor\" data-id=\"79db555\" data-element_type=\"widget\" data-e-type=\"widget\" data-widget_type=\"text-editor.default\">\n\t\t\t\t\t\t\t\t\t<h5>\u00c9pisode 5 : Les restrictions ; Les march\u00e9s parall\u00e8les<\/h5>\t\t\t\t\t\t\t\t<\/div>\n\t\t\t\t<\/div>\n\t\t<div class=\"elementor-element elementor-element-596bfe5 e-con-full e-flex e-con e-child\" data-id=\"596bfe5\" data-element_type=\"container\" data-e-type=\"container\">\n\t\t\t\t<div class=\"elementor-element elementor-element-586808e elementor-widget elementor-widget-text-editor\" data-id=\"586808e\" data-element_type=\"widget\" data-e-type=\"widget\" data-widget_type=\"text-editor.default\">\n\t\t\t\t\t\t\t\t\t<h5>\u00c9pisode 6 : Le poids de la d\u00e9faite\u00a0<\/h5>\t\t\t\t\t\t\t\t<\/div>\n\t\t\t\t<\/div>\n\t\t\t\t\t<\/div>\n\t\t\t\t<\/div>\n\t\t<div class=\"elementor-element elementor-element-3747abe e-flex e-con-boxed e-con e-parent\" data-id=\"3747abe\" data-element_type=\"container\" data-e-type=\"container\">\n\t\t\t\t\t<div class=\"e-con-inner\">\n\t\t<div class=\"elementor-element elementor-element-5cb6ea8 e-con-full e-flex e-con e-child\" data-id=\"5cb6ea8\" data-element_type=\"container\" data-e-type=\"container\">\n\t\t\t\t<div class=\"elementor-element elementor-element-529bfe5 premium-video__glow-none elementor-widget elementor-widget-premium-addon-video-box\" data-id=\"529bfe5\" data-element_type=\"widget\" data-e-type=\"widget\" data-settings=\"{&quot;premium_video_box_video_type&quot;:&quot;youtube&quot;,&quot;aspect_ratio&quot;:&quot;169&quot;}\" data-widget_type=\"premium-addon-video-box.default\">\n\t\t\t\t<div class=\"elementor-widget-container\">\n\t\t\t\t\t\n\n\t\t\n\t\t\t\t\t<div id=\"premium-video-box-container-529bfe5\" class=\"premium-video-box-container\" data-overlay=\"true\" data-type=\"youtube\" data-thumbnail=\"\" data-hover=\"none\">\n\t\t\t\t<div  >\n\t\t\t\t\t\n\t\t\t\t\t<div class=\"premium-video-box-inner-wrap\" data-video-animation=\" animated-\" data-delay-animation=\"\">\n\t\t\t\t\t\t<div data-src=\"https:\/\/www.youtube.com\/embed\/G_xHSNALwW8?feature=oembed&amp;rel=0&amp;mute=0&amp;loop=0&amp;controls=1&amp;playsinline=0&amp;cc_load_policy=0\" class=\"premium-video-box-video-container\">\n\t\t\t\t\t\t\t\n\t\t\t\t\t\t\t\t\t\t\t\t\t<\/div>\n\t\t\t\t\t\t\t<div style=\"background-image:transparent\" class=\"premium-video-box-image-container none\"><\/div>\n\t\t\t\t\t\t\t\t\t\t\t\t\t\t\t\t\t\t\t\t\t\t\t\t\t\t\t\t\t\t\t\t\t<div class=\"premium-video-box-description-container\">\n\t\t\t\t\t\t\t\t<p class=\"premium-video-box-text\">\n\t\t\t\t\t\t\t\t\t<span >\n\t\t\t\t\t\t\t\t\t\t\u00c9pisode 1 : De la de\u0301claration de la guerre a\u0300 la de\u0301ba\u0302cle.\n1939, l'imminence d'une guerre est dans toutes les t\u00eates, pourtant les \u00e9diles pr\u00e9parent la saison touristique de 1940. Le 3 septembre, la guerre est d\u00e9clar\u00e9e. Les hommes sont mobilis\u00e9s. La blitzkrieg d\u00e9clench\u00e9e en mai 1940 par Hitler entrainera la d\u00e9route de l'arm\u00e9e fran\u00e7aise et jettera un flot de r\u00e9fugi\u00e9s sur les routes. Les villes du canton vont accueillir plus de 3000 r\u00e9fugi\u00e9s en provenance principalement des Ardennes.\n\t\t\t\t\t\t\t\t\t<\/span>\n\t\t\t\t\t\t\t\t<\/p>\n\t\t\t\t\t\t\t<\/div>\n\t\t\t\t\t\t\t\t\t\t\t<\/div>\n\n\t\t\t\t<\/div>\n\t\t\t<\/div>\n\t\t\n\t\t\t\t\t\t<\/div>\n\t\t\t\t<\/div>\n\t\t\t\t<\/div>\n\t\t<div class=\"elementor-element elementor-element-eb7779e e-con-full e-flex e-con e-child\" data-id=\"eb7779e\" data-element_type=\"container\" data-e-type=\"container\">\n\t\t\t\t<div class=\"elementor-element elementor-element-cd88896 premium-video__glow-none elementor-widget elementor-widget-premium-addon-video-box\" data-id=\"cd88896\" data-element_type=\"widget\" data-e-type=\"widget\" data-settings=\"{&quot;premium_video_box_video_type&quot;:&quot;youtube&quot;,&quot;aspect_ratio&quot;:&quot;169&quot;}\" data-widget_type=\"premium-addon-video-box.default\">\n\t\t\t\t<div class=\"elementor-widget-container\">\n\t\t\t\t\t\n\n\t\t\n\t\t\t\t\t<div id=\"premium-video-box-container-cd88896\" class=\"premium-video-box-container\" data-overlay=\"true\" data-type=\"youtube\" data-thumbnail=\"\" data-hover=\"none\">\n\t\t\t\t<div  >\n\t\t\t\t\t\n\t\t\t\t\t<div class=\"premium-video-box-inner-wrap\" data-video-animation=\" animated-\" data-delay-animation=\"\">\n\t\t\t\t\t\t<div data-src=\"https:\/\/www.youtube.com\/embed\/nw5GHdW7XQ8?feature=oembed&amp;rel=0&amp;mute=0&amp;loop=0&amp;controls=1&amp;playsinline=0&amp;cc_load_policy=0\" class=\"premium-video-box-video-container\">\n\t\t\t\t\t\t\t\n\t\t\t\t\t\t\t\t\t\t\t\t\t<\/div>\n\t\t\t\t\t\t\t<div style=\"background-image:transparent\" class=\"premium-video-box-image-container none\"><\/div>\n\t\t\t\t\t\t\t\t\t\t\t\t\t\t\t\t\t\t\t\t\t\t\t\t\t\t\t\t\t\t\t\t\t<div class=\"premium-video-box-description-container\">\n\t\t\t\t\t\t\t\t<p class=\"premium-video-box-text\">\n\t\t\t\t\t\t\t\t\t<span >\n\t\t\t\t\t\t\t\t\t\t\u00c9pisode 2 : Les Allemands p\u00e9n\u00e8trent dans le Pays de Saint-Gilles \nLe 22 juin 1940, les troupes allemandes entrent dans le canton de Saint-Gilles-Croix-de-Vie, plongeant la population dans la stupeur. Nos t\u00e9moins retracent leur parcours, de Sion \u00e0 Saint-Gilles, en passant par la Corniche. Ce 22 juin est \u00e9galement le jour de la signature de l'armistice. L'arm\u00e9e allemande a donc vocation \u00e0 rester.  C'est en r\u00e9alit\u00e9 une arm\u00e9e d'Occupation qui p\u00e9n\u00e8tre le pays.\t\t\t\t\t\t\t\t\t<\/span>\n\t\t\t\t\t\t\t\t<\/p>\n\t\t\t\t\t\t\t<\/div>\n\t\t\t\t\t\t\t\t\t\t\t<\/div>\n\n\t\t\t\t<\/div>\n\t\t\t<\/div>\n\t\t\n\t\t\t\t\t\t<\/div>\n\t\t\t\t<\/div>\n\t\t\t\t<\/div>\n\t\t<div class=\"elementor-element elementor-element-8e005c5 e-con-full e-flex e-con e-child\" data-id=\"8e005c5\" data-element_type=\"container\" data-e-type=\"container\">\n\t\t\t\t<div class=\"elementor-element elementor-element-f0c3005 premium-video__glow-none elementor-widget elementor-widget-premium-addon-video-box\" data-id=\"f0c3005\" data-element_type=\"widget\" data-e-type=\"widget\" data-settings=\"{&quot;premium_video_box_video_type&quot;:&quot;youtube&quot;,&quot;aspect_ratio&quot;:&quot;169&quot;}\" data-widget_type=\"premium-addon-video-box.default\">\n\t\t\t\t<div class=\"elementor-widget-container\">\n\t\t\t\t\t\n\n\t\t\n\t\t\t\t\t<div id=\"premium-video-box-container-f0c3005\" class=\"premium-video-box-container\" data-overlay=\"true\" data-type=\"youtube\" data-thumbnail=\"\" data-hover=\"none\">\n\t\t\t\t<div  >\n\t\t\t\t\t\n\t\t\t\t\t<div class=\"premium-video-box-inner-wrap\" data-video-animation=\" animated-\" data-delay-animation=\"\">\n\t\t\t\t\t\t<div data-src=\"https:\/\/www.youtube.com\/embed\/un91S7XjCDY?feature=oembed&amp;rel=0&amp;mute=0&amp;loop=0&amp;controls=1&amp;playsinline=0&amp;cc_load_policy=0\" class=\"premium-video-box-video-container\">\n\t\t\t\t\t\t\t\n\t\t\t\t\t\t\t\t\t\t\t\t\t<\/div>\n\t\t\t\t\t\t\t<div style=\"background-image:transparent\" class=\"premium-video-box-image-container none\"><\/div>\n\t\t\t\t\t\t\t\t\t\t\t\t\t\t\t\t\t\t\t\t\t\t\t\t\t\t\t\t\t\t\t\t\t<div class=\"premium-video-box-description-container\">\n\t\t\t\t\t\t\t\t<p class=\"premium-video-box-text\">\n\t\t\t\t\t\t\t\t\t<span >\n\t\t\t\t\t\t\t\t\t\t\u00c9pisode 3 : Le r\u00e9gime de Vichy\nLes pleins pouvoirs conf\u00e9r\u00e9s au Mar\u00e9chal P\u00e9tain vont transformer les principes fondamentaux de la R\u00e9publique bas\u00e9s sur le parlementarisme, la s\u00e9paration des pouvoirs et l\u2019\u00e9galit\u00e9 des citoyens. Les fonctionnaires doivent pr\u00eater all\u00e9geance au Mar\u00e9chal. Les conseils municipaux des villes de plus de 2000 habitants sont dissous. Le statut des juif est adopt\u00e9.\t\t\t\t\t\t\t\t\t<\/span>\n\t\t\t\t\t\t\t\t<\/p>\n\t\t\t\t\t\t\t<\/div>\n\t\t\t\t\t\t\t\t\t\t\t<\/div>\n\n\t\t\t\t<\/div>\n\t\t\t<\/div>\n\t\t\n\t\t\t\t\t\t<\/div>\n\t\t\t\t<\/div>\n\t\t\t\t<\/div>\n\t\t<div class=\"elementor-element elementor-element-eea540a e-con-full e-flex e-con e-child\" data-id=\"eea540a\" data-element_type=\"container\" data-e-type=\"container\">\n\t\t\t\t<div class=\"elementor-element elementor-element-e686ebe elementor-widget elementor-widget-text-editor\" data-id=\"e686ebe\" data-element_type=\"widget\" data-e-type=\"widget\" data-widget_type=\"text-editor.default\">\n\t\t\t\t\t\t\t\t\t<h5>\u00c9pisode 7 : Le service du travail obligatoire ; Les r\u00e9fractaires ; Un climat de suspicion<\/h5>\t\t\t\t\t\t\t\t<\/div>\n\t\t\t\t<\/div>\n\t\t<div class=\"elementor-element elementor-element-baa88e9 e-con-full e-flex e-con e-child\" data-id=\"baa88e9\" data-element_type=\"container\" data-e-type=\"container\">\n\t\t\t\t<div class=\"elementor-element elementor-element-b4c881c elementor-widget elementor-widget-text-editor\" data-id=\"b4c881c\" data-element_type=\"widget\" data-e-type=\"widget\" data-widget_type=\"text-editor.default\">\n\t\t\t\t\t\t\t\t\t<h5>\u00c9pisode 8 : La r\u00e9sistance passive<\/h5>\t\t\t\t\t\t\t\t<\/div>\n\t\t\t\t<\/div>\n\t\t<div class=\"elementor-element elementor-element-afed6f7 e-con-full e-flex e-con e-child\" data-id=\"afed6f7\" data-element_type=\"container\" data-e-type=\"container\">\n\t\t\t\t<div class=\"elementor-element elementor-element-d7a2064 elementor-widget elementor-widget-text-editor\" data-id=\"d7a2064\" data-element_type=\"widget\" data-e-type=\"widget\" data-widget_type=\"text-editor.default\">\n\t\t\t\t\t\t\t\t\t<h5>\u00c9pisode 9 : La R\u00e9sistance<\/h5>\t\t\t\t\t\t\t\t<\/div>\n\t\t\t\t<\/div>\n\t\t\t\t\t<\/div>\n\t\t\t\t<\/div>\n\t\t<div class=\"elementor-element elementor-element-1b08d9a e-flex e-con-boxed e-con e-parent\" data-id=\"1b08d9a\" data-element_type=\"container\" data-e-type=\"container\">\n\t\t\t\t\t<div class=\"e-con-inner\">\n\t\t<div class=\"elementor-element elementor-element-1af211b e-con-full e-flex e-con e-child\" data-id=\"1af211b\" data-element_type=\"container\" data-e-type=\"container\">\n\t\t\t\t<div class=\"elementor-element elementor-element-1d69604 premium-video__glow-none elementor-widget elementor-widget-premium-addon-video-box\" data-id=\"1d69604\" data-element_type=\"widget\" data-e-type=\"widget\" data-settings=\"{&quot;premium_video_box_video_type&quot;:&quot;youtube&quot;,&quot;aspect_ratio&quot;:&quot;169&quot;}\" data-widget_type=\"premium-addon-video-box.default\">\n\t\t\t\t<div class=\"elementor-widget-container\">\n\t\t\t\t\t\n\n\t\t\n\t\t\t\t\t<div id=\"premium-video-box-container-1d69604\" class=\"premium-video-box-container\" data-overlay=\"true\" data-type=\"youtube\" data-thumbnail=\"\" data-hover=\"none\">\n\t\t\t\t<div  >\n\t\t\t\t\t\n\t\t\t\t\t<div class=\"premium-video-box-inner-wrap\" data-video-animation=\" animated-\" data-delay-animation=\"\">\n\t\t\t\t\t\t<div data-src=\"https:\/\/www.youtube.com\/embed\/8WxBJ0KRwG4?feature=oembed&amp;rel=0&amp;mute=0&amp;loop=0&amp;controls=1&amp;playsinline=0&amp;cc_load_policy=0\" class=\"premium-video-box-video-container\">\n\t\t\t\t\t\t\t\n\t\t\t\t\t\t\t\t\t\t\t\t\t<\/div>\n\t\t\t\t\t\t\t<div style=\"background-image:transparent\" class=\"premium-video-box-image-container none\"><\/div>\n\t\t\t\t\t\t\t\t\t\t\t\t\t\t\t\t\t\t\t\t\t\t\t\t\t\t\t\t\t\t\t\t\t<div class=\"premium-video-box-description-container\">\n\t\t\t\t\t\t\t\t<p class=\"premium-video-box-text\">\n\t\t\t\t\t\t\t\t\t<span >\n\t\t\t\t\t\t\t\t\t\t\u00c9pisode 1 : De la de\u0301claration de la guerre a\u0300 la de\u0301ba\u0302cle.\n1939, l'imminence d'une guerre est dans toutes les t\u00eates, pourtant les \u00e9diles pr\u00e9parent la saison touristique de 1940. Le 3 septembre, la guerre est d\u00e9clar\u00e9e. Les hommes sont mobilis\u00e9s. La blitzkrieg d\u00e9clench\u00e9e en mai 1940 par Hitler entrainera la d\u00e9route de l'arm\u00e9e fran\u00e7aise et jettera un flot de r\u00e9fugi\u00e9s sur les routes. Les villes du canton vont accueillir plus de 3000 r\u00e9fugi\u00e9s en provenance principalement des Ardennes.\n\t\t\t\t\t\t\t\t\t<\/span>\n\t\t\t\t\t\t\t\t<\/p>\n\t\t\t\t\t\t\t<\/div>\n\t\t\t\t\t\t\t\t\t\t\t<\/div>\n\n\t\t\t\t<\/div>\n\t\t\t<\/div>\n\t\t\n\t\t\t\t\t\t<\/div>\n\t\t\t\t<\/div>\n\t\t\t\t<\/div>\n\t\t<div class=\"elementor-element elementor-element-6bf9f2b e-con-full e-flex e-con e-child\" data-id=\"6bf9f2b\" data-element_type=\"container\" data-e-type=\"container\">\n\t\t\t\t<div class=\"elementor-element elementor-element-6c39e34 premium-video__glow-none elementor-widget elementor-widget-premium-addon-video-box\" data-id=\"6c39e34\" data-element_type=\"widget\" data-e-type=\"widget\" data-settings=\"{&quot;premium_video_box_video_type&quot;:&quot;youtube&quot;,&quot;aspect_ratio&quot;:&quot;169&quot;}\" data-widget_type=\"premium-addon-video-box.default\">\n\t\t\t\t<div class=\"elementor-widget-container\">\n\t\t\t\t\t\n\n\t\t\n\t\t\t\t\t<div id=\"premium-video-box-container-6c39e34\" class=\"premium-video-box-container\" data-overlay=\"true\" data-type=\"youtube\" data-thumbnail=\"\" data-hover=\"none\">\n\t\t\t\t<div  >\n\t\t\t\t\t\n\t\t\t\t\t<div class=\"premium-video-box-inner-wrap\" data-video-animation=\" animated-\" data-delay-animation=\"\">\n\t\t\t\t\t\t<div data-src=\"https:\/\/www.youtube.com\/embed\/8yTzu5eDIzE?feature=oembed&amp;rel=0&amp;mute=0&amp;loop=0&amp;controls=1&amp;playsinline=0&amp;cc_load_policy=0\" class=\"premium-video-box-video-container\">\n\t\t\t\t\t\t\t\n\t\t\t\t\t\t\t\t\t\t\t\t\t<\/div>\n\t\t\t\t\t\t\t<div style=\"background-image:transparent\" class=\"premium-video-box-image-container none\"><\/div>\n\t\t\t\t\t\t\t\t\t\t\t\t\t\t\t\t\t\t\t\t\t\t\t\t\t\t\t\t\t\t\t\t\t<div class=\"premium-video-box-description-container\">\n\t\t\t\t\t\t\t\t<p class=\"premium-video-box-text\">\n\t\t\t\t\t\t\t\t\t<span >\n\t\t\t\t\t\t\t\t\t\t\u00c9pisode 2 : Les Allemands p\u00e9n\u00e8trent dans le Pays de Saint-Gilles \nLe 22 juin 1940, les troupes allemandes entrent dans le canton de Saint-Gilles-Croix-de-Vie, plongeant la population dans la stupeur. Nos t\u00e9moins retracent leur parcours, de Sion \u00e0 Saint-Gilles, en passant par la Corniche. Ce 22 juin est \u00e9galement le jour de la signature de l'armistice. L'arm\u00e9e allemande a donc vocation \u00e0 rester.  C'est en r\u00e9alit\u00e9 une arm\u00e9e d'Occupation qui p\u00e9n\u00e8tre le pays.\t\t\t\t\t\t\t\t\t<\/span>\n\t\t\t\t\t\t\t\t<\/p>\n\t\t\t\t\t\t\t<\/div>\n\t\t\t\t\t\t\t\t\t\t\t<\/div>\n\n\t\t\t\t<\/div>\n\t\t\t<\/div>\n\t\t\n\t\t\t\t\t\t<\/div>\n\t\t\t\t<\/div>\n\t\t\t\t<\/div>\n\t\t<div class=\"elementor-element elementor-element-ba61dcb e-con-full e-flex e-con e-child\" data-id=\"ba61dcb\" data-element_type=\"container\" data-e-type=\"container\">\n\t\t\t\t<div class=\"elementor-element elementor-element-ab7530b premium-video__glow-none elementor-widget elementor-widget-premium-addon-video-box\" data-id=\"ab7530b\" data-element_type=\"widget\" data-e-type=\"widget\" data-settings=\"{&quot;premium_video_box_video_type&quot;:&quot;youtube&quot;,&quot;aspect_ratio&quot;:&quot;169&quot;}\" data-widget_type=\"premium-addon-video-box.default\">\n\t\t\t\t<div class=\"elementor-widget-container\">\n\t\t\t\t\t\n\n\t\t\n\t\t\t\t\t<div id=\"premium-video-box-container-ab7530b\" class=\"premium-video-box-container\" data-overlay=\"true\" data-type=\"youtube\" data-thumbnail=\"\" data-hover=\"none\">\n\t\t\t\t<div  >\n\t\t\t\t\t\n\t\t\t\t\t<div class=\"premium-video-box-inner-wrap\" data-video-animation=\" animated-\" data-delay-animation=\"\">\n\t\t\t\t\t\t<div data-src=\"https:\/\/www.youtube.com\/embed\/CqcHVSVGllg?feature=oembed&amp;rel=0&amp;mute=0&amp;loop=0&amp;controls=1&amp;playsinline=0&amp;cc_load_policy=0\" class=\"premium-video-box-video-container\">\n\t\t\t\t\t\t\t\n\t\t\t\t\t\t\t\t\t\t\t\t\t<\/div>\n\t\t\t\t\t\t\t<div style=\"background-image:transparent\" class=\"premium-video-box-image-container none\"><\/div>\n\t\t\t\t\t\t\t\t\t\t\t\t\t\t\t\t\t\t\t\t\t\t\t\t\t\t\t\t\t\t\t\t\t<div class=\"premium-video-box-description-container\">\n\t\t\t\t\t\t\t\t<p class=\"premium-video-box-text\">\n\t\t\t\t\t\t\t\t\t<span >\n\t\t\t\t\t\t\t\t\t\t\u00c9pisode 3 : Le r\u00e9gime de Vichy\nLes pleins pouvoirs conf\u00e9r\u00e9s au Mar\u00e9chal P\u00e9tain vont transformer les principes fondamentaux de la R\u00e9publique bas\u00e9s sur le parlementarisme, la s\u00e9paration des pouvoirs et l\u2019\u00e9galit\u00e9 des citoyens. Les fonctionnaires doivent pr\u00eater all\u00e9geance au Mar\u00e9chal. Les conseils municipaux des villes de plus de 2000 habitants sont dissous. Le statut des juif est adopt\u00e9.\t\t\t\t\t\t\t\t\t<\/span>\n\t\t\t\t\t\t\t\t<\/p>\n\t\t\t\t\t\t\t<\/div>\n\t\t\t\t\t\t\t\t\t\t\t<\/div>\n\n\t\t\t\t<\/div>\n\t\t\t<\/div>\n\t\t\n\t\t\t\t\t\t<\/div>\n\t\t\t\t<\/div>\n\t\t\t\t<\/div>\n\t\t<div class=\"elementor-element elementor-element-dcb9cdd e-con-full e-flex e-con e-child\" data-id=\"dcb9cdd\" data-element_type=\"container\" data-e-type=\"container\">\n\t\t\t\t<div class=\"elementor-element elementor-element-6817b06 elementor-widget elementor-widget-text-editor\" data-id=\"6817b06\" data-element_type=\"widget\" data-e-type=\"widget\" data-widget_type=\"text-editor.default\">\n\t\t\t\t\t\t\t\t\t<h5>\u00c9pisode 10 : Guy Kergoustin arr\u00eat\u00e9.<\/h5>\t\t\t\t\t\t\t\t<\/div>\n\t\t\t\t<\/div>\n\t\t<div class=\"elementor-element elementor-element-3b1b1f1 e-con-full e-flex e-con e-child\" data-id=\"3b1b1f1\" data-element_type=\"container\" data-e-type=\"container\">\n\t\t\t\t<div class=\"elementor-element elementor-element-f97296c elementor-widget elementor-widget-text-editor\" data-id=\"f97296c\" data-element_type=\"widget\" data-e-type=\"widget\" data-widget_type=\"text-editor.default\">\n\t\t\t\t\t\t\t\t\t<h5>Episode 11 La bataille navale du 15 ao\u00fbt 1944 aux abord de St Gilles.<\/h5>\t\t\t\t\t\t\t\t<\/div>\n\t\t\t\t<\/div>\n\t\t<div class=\"elementor-element elementor-element-5b044cc e-con-full e-flex e-con e-child\" data-id=\"5b044cc\" data-element_type=\"container\" data-e-type=\"container\">\n\t\t\t\t<div class=\"elementor-element elementor-element-3674b8b elementor-widget elementor-widget-text-editor\" data-id=\"3674b8b\" data-element_type=\"widget\" data-e-type=\"widget\" data-widget_type=\"text-editor.default\">\n\t\t\t\t\t\t\t\t\t<h5>Episode 12 Le d\u00e9part des Allemands<\/h5>\t\t\t\t\t\t\t\t<\/div>\n\t\t\t\t<\/div>\n\t\t\t\t\t<\/div>\n\t\t\t\t<\/div>\n\t\t<div class=\"elementor-element elementor-element-edb0202 e-flex e-con-boxed e-con e-parent\" data-id=\"edb0202\" data-element_type=\"container\" data-e-type=\"container\">\n\t\t\t\t\t<div class=\"e-con-inner\">\n\t\t<div class=\"elementor-element elementor-element-9dcc13b e-con-full e-flex e-con e-child\" data-id=\"9dcc13b\" data-element_type=\"container\" data-e-type=\"container\">\n\t\t\t\t<div class=\"elementor-element elementor-element-125848c premium-video__glow-none elementor-widget elementor-widget-premium-addon-video-box\" data-id=\"125848c\" data-element_type=\"widget\" data-e-type=\"widget\" data-settings=\"{&quot;premium_video_box_video_type&quot;:&quot;youtube&quot;,&quot;aspect_ratio&quot;:&quot;169&quot;}\" data-widget_type=\"premium-addon-video-box.default\">\n\t\t\t\t<div class=\"elementor-widget-container\">\n\t\t\t\t\t\n\n\t\t\n\t\t\t\t\t<div id=\"premium-video-box-container-125848c\" class=\"premium-video-box-container\" data-overlay=\"true\" data-type=\"youtube\" data-thumbnail=\"\" data-hover=\"none\">\n\t\t\t\t<div  >\n\t\t\t\t\t\n\t\t\t\t\t<div class=\"premium-video-box-inner-wrap\" data-video-animation=\" animated-\" data-delay-animation=\"\">\n\t\t\t\t\t\t<div data-src=\"https:\/\/www.youtube.com\/embed\/2lnBhdwa904?feature=oembed&amp;rel=0&amp;mute=0&amp;loop=0&amp;controls=1&amp;playsinline=0&amp;cc_load_policy=0\" class=\"premium-video-box-video-container\">\n\t\t\t\t\t\t\t\n\t\t\t\t\t\t\t\t\t\t\t\t\t<\/div>\n\t\t\t\t\t\t\t<div style=\"background-image:transparent\" class=\"premium-video-box-image-container none\"><\/div>\n\t\t\t\t\t\t\t\t\t\t\t\t\t\t\t\t\t\t\t\t\t\t\t\t\t\t\t\t\t\t\t\t\t<div class=\"premium-video-box-description-container\">\n\t\t\t\t\t\t\t\t<p class=\"premium-video-box-text\">\n\t\t\t\t\t\t\t\t\t<span >\n\t\t\t\t\t\t\t\t\t\t\u00c9pisode 1 : De la de\u0301claration de la guerre a\u0300 la de\u0301ba\u0302cle.\n1939, l'imminence d'une guerre est dans toutes les t\u00eates, pourtant les \u00e9diles pr\u00e9parent la saison touristique de 1940. Le 3 septembre, la guerre est d\u00e9clar\u00e9e. Les hommes sont mobilis\u00e9s. La blitzkrieg d\u00e9clench\u00e9e en mai 1940 par Hitler entrainera la d\u00e9route de l'arm\u00e9e fran\u00e7aise et jettera un flot de r\u00e9fugi\u00e9s sur les routes. Les villes du canton vont accueillir plus de 3000 r\u00e9fugi\u00e9s en provenance principalement des Ardennes.\n\t\t\t\t\t\t\t\t\t<\/span>\n\t\t\t\t\t\t\t\t<\/p>\n\t\t\t\t\t\t\t<\/div>\n\t\t\t\t\t\t\t\t\t\t\t<\/div>\n\n\t\t\t\t<\/div>\n\t\t\t<\/div>\n\t\t\n\t\t\t\t\t\t<\/div>\n\t\t\t\t<\/div>\n\t\t\t\t<\/div>\n\t\t<div class=\"elementor-element elementor-element-6ac4c5d e-con-full e-flex e-con e-child\" data-id=\"6ac4c5d\" data-element_type=\"container\" data-e-type=\"container\">\n\t\t\t\t<div class=\"elementor-element elementor-element-e4bf8ae premium-video__glow-none elementor-widget elementor-widget-premium-addon-video-box\" data-id=\"e4bf8ae\" data-element_type=\"widget\" data-e-type=\"widget\" data-settings=\"{&quot;premium_video_box_video_type&quot;:&quot;youtube&quot;,&quot;aspect_ratio&quot;:&quot;169&quot;}\" data-widget_type=\"premium-addon-video-box.default\">\n\t\t\t\t<div class=\"elementor-widget-container\">\n\t\t\t\t\t\n\n\t\t\n\t\t\t\t\t<div id=\"premium-video-box-container-e4bf8ae\" class=\"premium-video-box-container\" data-overlay=\"true\" data-type=\"youtube\" data-thumbnail=\"\" data-hover=\"none\">\n\t\t\t\t<div  >\n\t\t\t\t\t\n\t\t\t\t\t<div class=\"premium-video-box-inner-wrap\" data-video-animation=\" animated-\" data-delay-animation=\"\">\n\t\t\t\t\t\t<div data-src=\"https:\/\/www.youtube.com\/embed\/OzbChHs1qGQ?feature=oembed&amp;rel=0&amp;mute=0&amp;loop=0&amp;controls=1&amp;playsinline=0&amp;cc_load_policy=0\" class=\"premium-video-box-video-container\">\n\t\t\t\t\t\t\t\n\t\t\t\t\t\t\t\t\t\t\t\t\t<\/div>\n\t\t\t\t\t\t\t<div style=\"background-image:transparent\" class=\"premium-video-box-image-container none\"><\/div>\n\t\t\t\t\t\t\t\t\t\t\t\t\t\t\t\t\t\t\t\t\t\t\t\t\t\t\t\t\t\t\t\t\t<div class=\"premium-video-box-description-container\">\n\t\t\t\t\t\t\t\t<p class=\"premium-video-box-text\">\n\t\t\t\t\t\t\t\t\t<span >\n\t\t\t\t\t\t\t\t\t\t\u00c9pisode 2 : Les Allemands p\u00e9n\u00e8trent dans le Pays de Saint-Gilles \nLe 22 juin 1940, les troupes allemandes entrent dans le canton de Saint-Gilles-Croix-de-Vie, plongeant la population dans la stupeur. Nos t\u00e9moins retracent leur parcours, de Sion \u00e0 Saint-Gilles, en passant par la Corniche. Ce 22 juin est \u00e9galement le jour de la signature de l'armistice. L'arm\u00e9e allemande a donc vocation \u00e0 rester.  C'est en r\u00e9alit\u00e9 une arm\u00e9e d'Occupation qui p\u00e9n\u00e8tre le pays.\t\t\t\t\t\t\t\t\t<\/span>\n\t\t\t\t\t\t\t\t<\/p>\n\t\t\t\t\t\t\t<\/div>\n\t\t\t\t\t\t\t\t\t\t\t<\/div>\n\n\t\t\t\t<\/div>\n\t\t\t<\/div>\n\t\t\n\t\t\t\t\t\t<\/div>\n\t\t\t\t<\/div>\n\t\t\t\t<\/div>\n\t\t<div class=\"elementor-element elementor-element-879d6e0 e-con-full e-flex e-con e-child\" data-id=\"879d6e0\" data-element_type=\"container\" data-e-type=\"container\">\n\t\t\t\t<div class=\"elementor-element elementor-element-10dc9f2 premium-video__glow-none elementor-widget elementor-widget-premium-addon-video-box\" data-id=\"10dc9f2\" data-element_type=\"widget\" data-e-type=\"widget\" data-settings=\"{&quot;premium_video_box_video_type&quot;:&quot;youtube&quot;,&quot;aspect_ratio&quot;:&quot;169&quot;}\" data-widget_type=\"premium-addon-video-box.default\">\n\t\t\t\t<div class=\"elementor-widget-container\">\n\t\t\t\t\t\n\n\t\t\n\t\t\t\t\t<div id=\"premium-video-box-container-10dc9f2\" class=\"premium-video-box-container\" data-overlay=\"true\" data-type=\"youtube\" data-thumbnail=\"\" data-hover=\"none\">\n\t\t\t\t<div  >\n\t\t\t\t\t\n\t\t\t\t\t<div class=\"premium-video-box-inner-wrap\" data-video-animation=\" animated-\" data-delay-animation=\"\">\n\t\t\t\t\t\t<div data-src=\"https:\/\/www.youtube.com\/embed\/bo8B20W2ghc?feature=oembed&amp;rel=0&amp;mute=0&amp;loop=0&amp;controls=1&amp;playsinline=0&amp;cc_load_policy=0\" class=\"premium-video-box-video-container\">\n\t\t\t\t\t\t\t\n\t\t\t\t\t\t\t\t\t\t\t\t\t<\/div>\n\t\t\t\t\t\t\t<div style=\"background-image:transparent\" class=\"premium-video-box-image-container none\"><\/div>\n\t\t\t\t\t\t\t\t\t\t\t\t\t\t\t\t\t\t\t\t\t\t\t\t\t\t\t\t\t\t\t\t\t<div class=\"premium-video-box-description-container\">\n\t\t\t\t\t\t\t\t<p class=\"premium-video-box-text\">\n\t\t\t\t\t\t\t\t\t<span >\n\t\t\t\t\t\t\t\t\t\t\u00c9pisode 3 : Le r\u00e9gime de Vichy\nLes pleins pouvoirs conf\u00e9r\u00e9s au Mar\u00e9chal P\u00e9tain vont transformer les principes fondamentaux de la R\u00e9publique bas\u00e9s sur le parlementarisme, la s\u00e9paration des pouvoirs et l\u2019\u00e9galit\u00e9 des citoyens. Les fonctionnaires doivent pr\u00eater all\u00e9geance au Mar\u00e9chal. Les conseils municipaux des villes de plus de 2000 habitants sont dissous. Le statut des juif est adopt\u00e9.\t\t\t\t\t\t\t\t\t<\/span>\n\t\t\t\t\t\t\t\t<\/p>\n\t\t\t\t\t\t\t<\/div>\n\t\t\t\t\t\t\t\t\t\t\t<\/div>\n\n\t\t\t\t<\/div>\n\t\t\t<\/div>\n\t\t\n\t\t\t\t\t\t<\/div>\n\t\t\t\t<\/div>\n\t\t\t\t<\/div>\n\t\t<div class=\"elementor-element elementor-element-4e2db07 e-con-full e-flex e-con e-child\" data-id=\"4e2db07\" data-element_type=\"container\" data-e-type=\"container\">\n\t\t\t\t<div class=\"elementor-element elementor-element-9e465eb elementor-widget elementor-widget-text-editor\" data-id=\"9e465eb\" data-element_type=\"widget\" data-e-type=\"widget\" data-widget_type=\"text-editor.default\">\n\t\t\t\t\t\t\t\t\t<h5>Episode 13 : Les F.F.I., prises d&rsquo;otages et \u00e9puration&#8230;<\/h5>\t\t\t\t\t\t\t\t<\/div>\n\t\t\t\t<\/div>\n\t\t<div class=\"elementor-element elementor-element-23d168d e-con-full e-flex e-con e-child\" data-id=\"23d168d\" data-element_type=\"container\" data-e-type=\"container\">\n\t\t\t\t<div class=\"elementor-element elementor-element-2a0d714 elementor-widget elementor-widget-text-editor\" data-id=\"2a0d714\" data-element_type=\"widget\" data-e-type=\"widget\" data-widget_type=\"text-editor.default\">\n\t\t\t\t\t\t\t\t\t<h5 class=\"style-scope ytd-watch-metadata\">Episode 14 : Le canton lib\u00e9r\u00e9, le combat se poursuit dans les poches de Pornic et St Nazaire<\/h5>\t\t\t\t\t\t\t\t<\/div>\n\t\t\t\t<\/div>\n\t\t<div class=\"elementor-element elementor-element-d15f72a e-con-full e-flex e-con e-child\" data-id=\"d15f72a\" data-element_type=\"container\" data-e-type=\"container\">\n\t\t\t\t<div class=\"elementor-element elementor-element-7d9f8f4 elementor-widget elementor-widget-text-editor\" data-id=\"7d9f8f4\" data-element_type=\"widget\" data-e-type=\"widget\" data-widget_type=\"text-editor.default\">\n\t\t\t\t\t\t\t\t\t<h5>Episode 15: Le drame de Grosse Terre<\/h5>\t\t\t\t\t\t\t\t<\/div>\n\t\t\t\t<\/div>\n\t\t\t\t\t<\/div>\n\t\t\t\t<\/div>\n\t\t<div class=\"elementor-element elementor-element-8486822 e-flex e-con-boxed e-con e-parent\" data-id=\"8486822\" data-element_type=\"container\" data-e-type=\"container\">\n\t\t\t\t\t<div class=\"e-con-inner\">\n\t\t<div class=\"elementor-element elementor-element-0e64a87 e-con-full e-flex e-con e-child\" data-id=\"0e64a87\" data-element_type=\"container\" data-e-type=\"container\">\n\t\t\t\t<div class=\"elementor-element elementor-element-36b88ae premium-video__glow-none elementor-widget elementor-widget-premium-addon-video-box\" data-id=\"36b88ae\" data-element_type=\"widget\" data-e-type=\"widget\" data-settings=\"{&quot;premium_video_box_video_type&quot;:&quot;youtube&quot;,&quot;aspect_ratio&quot;:&quot;169&quot;}\" data-widget_type=\"premium-addon-video-box.default\">\n\t\t\t\t<div class=\"elementor-widget-container\">\n\t\t\t\t\t\n\n\t\t\n\t\t\t\t\t<div id=\"premium-video-box-container-36b88ae\" class=\"premium-video-box-container\" data-overlay=\"true\" data-type=\"youtube\" data-thumbnail=\"\" data-hover=\"none\">\n\t\t\t\t<div  >\n\t\t\t\t\t\n\t\t\t\t\t<div class=\"premium-video-box-inner-wrap\" data-video-animation=\" animated-\" data-delay-animation=\"\">\n\t\t\t\t\t\t<div data-src=\"https:\/\/www.youtube.com\/embed\/BSZVFts2N3w?feature=oembed&amp;rel=0&amp;mute=0&amp;loop=0&amp;controls=1&amp;playsinline=0&amp;cc_load_policy=0\" class=\"premium-video-box-video-container\">\n\t\t\t\t\t\t\t\n\t\t\t\t\t\t\t\t\t\t\t\t\t<\/div>\n\t\t\t\t\t\t\t<div style=\"background-image:transparent\" class=\"premium-video-box-image-container none\"><\/div>\n\t\t\t\t\t\t\t\t\t\t\t\t\t\t\t\t\t\t\t\t\t\t\t\t\t\t\t\t\t\t\t\t\t<div class=\"premium-video-box-description-container\">\n\t\t\t\t\t\t\t\t<p class=\"premium-video-box-text\">\n\t\t\t\t\t\t\t\t\t<span >\n\t\t\t\t\t\t\t\t\t\t\u00c9pisode 1 : De la de\u0301claration de la guerre a\u0300 la de\u0301ba\u0302cle.\n1939, l'imminence d'une guerre est dans toutes les t\u00eates, pourtant les \u00e9diles pr\u00e9parent la saison touristique de 1940. Le 3 septembre, la guerre est d\u00e9clar\u00e9e. Les hommes sont mobilis\u00e9s. La blitzkrieg d\u00e9clench\u00e9e en mai 1940 par Hitler entrainera la d\u00e9route de l'arm\u00e9e fran\u00e7aise et jettera un flot de r\u00e9fugi\u00e9s sur les routes. Les villes du canton vont accueillir plus de 3000 r\u00e9fugi\u00e9s en provenance principalement des Ardennes.\n\t\t\t\t\t\t\t\t\t<\/span>\n\t\t\t\t\t\t\t\t<\/p>\n\t\t\t\t\t\t\t<\/div>\n\t\t\t\t\t\t\t\t\t\t\t<\/div>\n\n\t\t\t\t<\/div>\n\t\t\t<\/div>\n\t\t\n\t\t\t\t\t\t<\/div>\n\t\t\t\t<\/div>\n\t\t\t\t<\/div>\n\t\t<div class=\"elementor-element elementor-element-005527a e-con-full e-flex e-con e-child\" data-id=\"005527a\" data-element_type=\"container\" data-e-type=\"container\">\n\t\t\t\t<\/div>\n\t\t<div class=\"elementor-element elementor-element-b380270 e-con-full e-flex e-con e-child\" data-id=\"b380270\" data-element_type=\"container\" data-e-type=\"container\">\n\t\t\t\t<\/div>\n\t\t<div class=\"elementor-element elementor-element-f344fa6 e-con-full e-flex e-con e-child\" data-id=\"f344fa6\" data-element_type=\"container\" data-e-type=\"container\">\n\t\t\t\t<div class=\"elementor-element elementor-element-bb22505 elementor-widget elementor-widget-text-editor\" data-id=\"bb22505\" data-element_type=\"widget\" data-e-type=\"widget\" data-widget_type=\"text-editor.default\">\n\t\t\t\t\t\t\t\t\t<h5>\u00c9pisode 16. La guerre finie, (se) reconstruire&#8230;<\/h5>\t\t\t\t\t\t\t\t<\/div>\n\t\t\t\t<\/div>\n\t\t<div class=\"elementor-element elementor-element-aa50022 e-con-full e-flex e-con e-child\" data-id=\"aa50022\" data-element_type=\"container\" data-e-type=\"container\">\n\t\t\t\t<\/div>\n\t\t<div class=\"elementor-element elementor-element-ec2e97a e-con-full e-flex e-con e-child\" data-id=\"ec2e97a\" data-element_type=\"container\" data-e-type=\"container\">\n\t\t\t\t<\/div>\n\t\t\t\t\t<\/div>\n\t\t\t\t<\/div>\n\t\t\t\t<\/div>\n\t\t","protected":false},"excerpt":{"rendered":"<p>La Seconde Guerre mondiale au pays de Saint-Gilles-Croix-de-Vie Videos r\u00e9alis\u00e9es par Foc&rsquo;A.L., la section vid\u00e9o de l&rsquo;Amicale la\u00efque de Saint-Gilles-Croix-de-Vie [&hellip;]<\/p>\n","protected":false},"author":1,"featured_media":2136,"parent":0,"menu_order":0,"comment_status":"closed","ping_status":"closed","template":"","meta":{"_angie_page":false,"site-sidebar-layout":"default","site-content-layout":"","ast-site-content-layout":"default","site-content-style":"default","site-sidebar-style":"default","ast-global-header-display":"","ast-banner-title-visibility":"","ast-main-header-display":"","ast-hfb-above-header-display":"","ast-hfb-below-header-display":"","ast-hfb-mobile-header-display":"","site-post-title":"","ast-breadcrumbs-content":"","ast-featured-img":"","footer-sml-layout":"","ast-disable-related-posts":"","theme-transparent-header-meta":"","adv-header-id-meta":"","stick-header-meta":"","header-above-stick-meta":"","header-main-stick-meta":"","header-below-stick-meta":"","astra-migrate-meta-layouts":"default","ast-page-background-enabled":"default","ast-page-background-meta":{"desktop":{"background-color":"var(--ast-global-color-5)","background-image":"","background-repeat":"repeat","background-position":"center center","background-size":"auto","background-attachment":"scroll","background-type":"","background-media":"","overlay-type":"","overlay-color":"","overlay-opacity":"","overlay-gradient":""},"tablet":{"background-color":"","background-image":"","background-repeat":"repeat","background-position":"center center","background-size":"auto","background-attachment":"scroll","background-type":"","background-media":"","overlay-type":"","overlay-color":"","overlay-opacity":"","overlay-gradient":""},"mobile":{"background-color":"","background-image":"","background-repeat":"repeat","background-position":"center center","background-size":"auto","background-attachment":"scroll","background-type":"","background-media":"","overlay-type":"","overlay-color":"","overlay-opacity":"","overlay-gradient":""}},"ast-content-background-meta":{"desktop":{"background-color":"var(--ast-global-color-4)","background-image":"","background-repeat":"repeat","background-position":"center center","background-size":"auto","background-attachment":"scroll","background-type":"","background-media":"","overlay-type":"","overlay-color":"","overlay-opacity":"","overlay-gradient":""},"tablet":{"background-color":"var(--ast-global-color-4)","background-image":"","background-repeat":"repeat","background-position":"center center","background-size":"auto","background-attachment":"scroll","background-type":"","background-media":"","overlay-type":"","overlay-color":"","overlay-opacity":"","overlay-gradient":""},"mobile":{"background-color":"var(--ast-global-color-4)","background-image":"","background-repeat":"repeat","background-position":"center center","background-size":"auto","background-attachment":"scroll","background-type":"","background-media":"","overlay-type":"","overlay-color":"","overlay-opacity":"","overlay-gradient":""}},"footnotes":""},"class_list":["post-1756","page","type-page","status-publish","has-post-thumbnail","hentry"],"aioseo_notices":[],"jetpack_sharing_enabled":true,"jetpack_likes_enabled":true,"rttpg_featured_image_url":{"full":["https:\/\/hcpderie.fr\/wp-content\/uploads\/2026\/03\/09-44-camp-de-st-gilles.webp",640,445,false],"landscape":["https:\/\/hcpderie.fr\/wp-content\/uploads\/2026\/03\/09-44-camp-de-st-gilles.webp",640,445,false],"portraits":["https:\/\/hcpderie.fr\/wp-content\/uploads\/2026\/03\/09-44-camp-de-st-gilles.webp",640,445,false],"thumbnail":["https:\/\/hcpderie.fr\/wp-content\/uploads\/2026\/03\/09-44-camp-de-st-gilles-150x150.webp",150,150,true],"medium":["https:\/\/hcpderie.fr\/wp-content\/uploads\/2026\/03\/09-44-camp-de-st-gilles-300x209.webp",300,209,true],"large":["https:\/\/hcpderie.fr\/wp-content\/uploads\/2026\/03\/09-44-camp-de-st-gilles.webp",640,445,false],"1536x1536":["https:\/\/hcpderie.fr\/wp-content\/uploads\/2026\/03\/09-44-camp-de-st-gilles.webp",640,445,false],"2048x2048":["https:\/\/hcpderie.fr\/wp-content\/uploads\/2026\/03\/09-44-camp-de-st-gilles.webp",640,445,false]},"rttpg_author":{"display_name":"ADMIN17","author_link":"https:\/\/hcpderie.fr\/?author=1"},"rttpg_comment":0,"rttpg_category":null,"rttpg_excerpt":"La Seconde Guerre mondiale au pays de Saint-Gilles-Croix-de-Vie Videos r\u00e9alis\u00e9es par Foc&rsquo;A.L., la section vid\u00e9o de l&rsquo;Amicale la\u00efque de Saint-Gilles-Croix-de-Vie [&hellip;]","_links":{"self":[{"href":"https:\/\/hcpderie.fr\/index.php?rest_route=\/wp\/v2\/pages\/1756","targetHints":{"allow":["GET"]}}],"collection":[{"href":"https:\/\/hcpderie.fr\/index.php?rest_route=\/wp\/v2\/pages"}],"about":[{"href":"https:\/\/hcpderie.fr\/index.php?rest_route=\/wp\/v2\/types\/page"}],"author":[{"embeddable":true,"href":"https:\/\/hcpderie.fr\/index.php?rest_route=\/wp\/v2\/users\/1"}],"replies":[{"embeddable":true,"href":"https:\/\/hcpderie.fr\/index.php?rest_route=%2Fwp%2Fv2%2Fcomments&post=1756"}],"version-history":[{"count":42,"href":"https:\/\/hcpderie.fr\/index.php?rest_route=\/wp\/v2\/pages\/1756\/revisions"}],"predecessor-version":[{"id":1923,"href":"https:\/\/hcpderie.fr\/index.php?rest_route=\/wp\/v2\/pages\/1756\/revisions\/1923"}],"wp:featuredmedia":[{"embeddable":true,"href":"https:\/\/hcpderie.fr\/index.php?rest_route=\/wp\/v2\/media\/2136"}],"wp:attachment":[{"href":"https:\/\/hcpderie.fr\/index.php?rest_route=%2Fwp%2Fv2%2Fmedia&parent=1756"}],"curies":[{"name":"wp","href":"https:\/\/api.w.org\/{rel}","templated":true}]}}