{"id":1679,"date":"2026-03-04T08:06:16","date_gmt":"2026-03-04T07:06:16","guid":{"rendered":"https:\/\/hcpderie.fr\/myfreshinstall01\/?page_id=1679"},"modified":"2026-03-09T09:56:48","modified_gmt":"2026-03-09T08:56:48","slug":"vue-densemble-des-films","status":"publish","type":"page","link":"https:\/\/hcpderie.fr\/?page_id=1679","title":{"rendered":"Vue d&rsquo;ensemble des films"},"content":{"rendered":"\t\t<div data-elementor-type=\"wp-page\" data-elementor-id=\"1679\" class=\"elementor elementor-1679\">\n\t\t\t\t<div class=\"elementor-element elementor-element-341286ad e-flex e-con-boxed e-con e-parent\" data-id=\"341286ad\" data-element_type=\"container\" data-e-type=\"container\">\n\t\t\t\t\t<div class=\"e-con-inner\">\n\t\t\t\t<div class=\"elementor-element elementor-element-46668ab elementor-widget elementor-widget-text-editor\" data-id=\"46668ab\" data-element_type=\"widget\" data-e-type=\"widget\" data-widget_type=\"text-editor.default\">\n\t\t\t\t\t\t\t\t\t\t\t\t\t\t\t\t\t<\/div>\n\t\t\t\t\t<\/div>\n\t\t\t\t<\/div>\n\t\t<div class=\"elementor-element elementor-element-8e5ca6d e-flex e-con-boxed e-con e-parent\" data-id=\"8e5ca6d\" data-element_type=\"container\" data-e-type=\"container\">\n\t\t\t\t\t<div class=\"e-con-inner\">\n\t\t\t\t<div class=\"elementor-element elementor-element-513f52c meta-visibility-show title_position_default title_hover_border_default title-default img_hover_animation_default meta_position_default readmore-btn-default-style grid-hover-overlay-type-always tpg-el-box-border-enable tpg-border-bottom-disable elementor-widget elementor-widget-tpg-grid-layout\" data-id=\"513f52c\" data-element_type=\"widget\" data-e-type=\"widget\" data-widget_type=\"tpg-grid-layout.default\">\n\t\t\t\t<div class=\"elementor-widget-container\">\n\t\t\t\t\t\t\t<div class=\"rt-container-fluid rt-tpg-container tpg-el-main-wrapper clearfix grid-layout1-main \"\n\t\t\t id=\"rt-tpg-container-2581750428\"\n\t\t\t data-layout=\"grid-layout1\"\n\t\t\t data-grid-style=\"tpg-full-height\"\n\t\t\t data-sc-id=\"elementor\"\n\t\t\t data-el-settings=''\n\t\t\t data-el-query=''\n\t\t\t data-el-path=''\n\t\t>\n\t\t\t\t\t\t<div class='tpg-header-wrapper '>\n\t\t\t\t\t\t\t<\/div>\n\n\t\t\t<div data-title=\"Loading ...\" class=\"rt-row rt-content-loader grid-layout1 grid-behaviour tpg-full-height grid_layout_wrapper\">\n\t\t\t\t<div class=\"rt-col-md-4 rt-col-sm-6 rt-col-xs-12 default rt-grid-item post-1886 post type-post status-publish format-standard has-post-thumbnail hentry category-films\"        data-id=\"1886\">\n    <div class=\"rt-holder tpg-post-holder \">\n        <div class=\"rt-detail rt-el-content-wrapper\">\n\t\t\t                <div class=\"rt-img-holder tpg-el-image-wrap has-thumbnail\">\n\t\t\t\t\t<a data-id=\"1886\" href=\"https:\/\/hcpderie.fr\/?p=1886\" class=\"tpg-post-link\" target=\"_self\">                        <img fetchpriority=\"high\" decoding=\"async\" src=\"https:\/\/hcpderie.fr\/wp-content\/uploads\/2026\/03\/09-44-camp-de-st-gilles.webp\"\n                             class=\"rt-img-responsive\"\n                             width=\"640\"\n                             height=\"445\"\n                             alt=\"vid\u00e9os du club Foc&rsquo;A.L.\">\n                        \n                            \n        <\/a>\n                <div class=\"overlay grid-hover-content\"><\/div>\n                        <\/div>\n\t\t\t\n\t\t\t<div class=\"entry-title-wrapper\"><h3 class=\"entry-title\"><a data-id=\"1886\" href=\"https:\/\/hcpderie.fr\/?p=1886\" class=\"tpg-post-link\" target=\"_self\">vid\u00e9os du club Foc&rsquo;A.L.<\/a><\/h3><\/div>\n\t\t\t                <div class=\"post-meta-tags rt-el-post-meta\">\n\t\t\t\t\t            <span class='date'>\n\t\t\t\t                                    7 janvier 2025                \t\t\t<\/span>\n                            <\/div>\n\t\t\t\n\n\t\t\t                <div class=\"tpg-excerpt tpg-el-excerpt\">\n\t\t\t\t\t                        <div class=\"tpg-excerpt-inner\">\n\t\t\t\t\t\t\t...                        <\/div>\n\t\t\t\t\t\t\t\t\t\t                <\/div>\n\t\t\t\n\t\t\t        <div class=\"post-footer\">\n            <div class=\"post-footer\">\n                <div class=\"read-more\">\n                    <a data-id=\"1886\" href=\"https:\/\/hcpderie.fr\/?p=1886\" class=\"tpg-post-link\" target=\"_self\">En savoir plus<\/a>                <\/div>\n            <\/div>\n        <\/div>\n                <\/div>\n    <\/div>\n<\/div>\n<div class=\"rt-col-md-4 rt-col-sm-6 rt-col-xs-12 default rt-grid-item post-1861 post type-post status-publish format-standard has-post-thumbnail hentry category-films tag-americains tag-aviation tag-histoire tag-saint-hilaire-de-riez tag-saint-jean-de-monts tag-vendee-2\"        data-id=\"1861\">\n    <div class=\"rt-holder tpg-post-holder \">\n        <div class=\"rt-detail rt-el-content-wrapper\">\n\t\t\t                <div class=\"rt-img-holder tpg-el-image-wrap has-thumbnail\">\n\t\t\t\t\t<a data-id=\"1861\" href=\"https:\/\/hcpderie.fr\/?p=1861\" class=\"tpg-post-link\" target=\"_self\">                        <img decoding=\"async\" src=\"https:\/\/hcpderie.fr\/wp-content\/uploads\/2025\/01\/ReproductionaquarelleChampGaillard_collpriveeBurger-scaled-2000x0-c-default-768x487.webp\"\n                             class=\"rt-img-responsive\"\n                             width=\"768\"\n                             height=\"487\"\n                             alt=\"L&rsquo;\u00e9cole de tir a\u00e9rien de Saint-Jean-de-Monts\">\n                        \n                            \n        <\/a>\n                <div class=\"overlay grid-hover-content\"><\/div>\n                        <\/div>\n\t\t\t\n\t\t\t<div class=\"entry-title-wrapper\"><h3 class=\"entry-title\"><a data-id=\"1861\" href=\"https:\/\/hcpderie.fr\/?p=1861\" class=\"tpg-post-link\" target=\"_self\">L&rsquo;\u00e9cole de tir a\u00e9rien de Saint-Jean-de-Monts<\/a><\/h3><\/div>\n\t\t\t                <div class=\"post-meta-tags rt-el-post-meta\">\n\t\t\t\t\t            <span class='date'>\n\t\t\t\t                                    7 janvier 2025                \t\t\t<\/span>\n                            <\/div>\n\t\t\t\n\n\t\t\t                <div class=\"tpg-excerpt tpg-el-excerpt\">\n\t\t\t\t\t                        <div class=\"tpg-excerpt-inner\">\n\t\t\t\t\t\t\tL&rsquo;\u00e9cole de tir a\u00e9rien de Saint-Jean-de-Monts \u00a0 Quand les Am\u00e9ricains s\u2019engagent dans la Premi\u00e8re Guerre mondiale, en 1917, les techniques...                        <\/div>\n\t\t\t\t\t\t\t\t\t\t                <\/div>\n\t\t\t\n\t\t\t        <div class=\"post-footer\">\n            <div class=\"post-footer\">\n                <div class=\"read-more\">\n                    <a data-id=\"1861\" href=\"https:\/\/hcpderie.fr\/?p=1861\" class=\"tpg-post-link\" target=\"_self\">En savoir plus<\/a>                <\/div>\n            <\/div>\n        <\/div>\n                <\/div>\n    <\/div>\n<\/div>\n<div class=\"rt-col-md-4 rt-col-sm-6 rt-col-xs-12 default rt-grid-item post-3385 post type-post status-publish format-standard has-post-thumbnail hentry category-films\"        data-id=\"3385\">\n    <div class=\"rt-holder tpg-post-holder \">\n        <div class=\"rt-detail rt-el-content-wrapper\">\n\t\t\t                <div class=\"rt-img-holder tpg-el-image-wrap has-thumbnail\">\n\t\t\t\t\t<a data-id=\"3385\" href=\"https:\/\/hcpderie.fr\/?p=3385\" class=\"tpg-post-link\" target=\"_self\">                        <img decoding=\"async\" src=\"https:\/\/hcpderie.fr\/wp-content\/uploads\/2026\/03\/accords-a-cris-768x578.jpg\"\n                             class=\"rt-img-responsive\"\n                             width=\"768\"\n                             height=\"578\"\n                             alt=\"\u00ab Accords et \u00e0 Cris \u00bb, un film pas comme les autres en Super 8 de 1981\">\n                        \n                            \n        <\/a>\n                <div class=\"overlay grid-hover-content\"><\/div>\n                        <\/div>\n\t\t\t\n\t\t\t<div class=\"entry-title-wrapper\"><h3 class=\"entry-title\"><a data-id=\"3385\" href=\"https:\/\/hcpderie.fr\/?p=3385\" class=\"tpg-post-link\" target=\"_self\">\u00ab Accords et \u00e0 Cris \u00bb, un film pas comme les autres en Super 8 de 1981<\/a><\/h3><\/div>\n\t\t\t                <div class=\"post-meta-tags rt-el-post-meta\">\n\t\t\t\t\t            <span class='date'>\n\t\t\t\t                                    6 novembre 2023                \t\t\t<\/span>\n                            <\/div>\n\t\t\t\n\n\t\t\t                <div class=\"tpg-excerpt tpg-el-excerpt\">\n\t\t\t\t\t                        <div class=\"tpg-excerpt-inner\">\n\t\t\t\t\t\t\t\u00ab Accords et \u00e0 Cris \u00bb, un film pas comme les autres en Super 8 de 1981 Rires et dialogues...                        <\/div>\n\t\t\t\t\t\t\t\t\t\t                <\/div>\n\t\t\t\n\t\t\t        <div class=\"post-footer\">\n            <div class=\"post-footer\">\n                <div class=\"read-more\">\n                    <a data-id=\"3385\" href=\"https:\/\/hcpderie.fr\/?p=3385\" class=\"tpg-post-link\" target=\"_self\">En savoir plus<\/a>                <\/div>\n            <\/div>\n        <\/div>\n                <\/div>\n    <\/div>\n<\/div>\n<div class=\"rt-col-md-4 rt-col-sm-6 rt-col-xs-12 default rt-grid-item post-2562 post type-post status-publish format-standard has-post-thumbnail hentry category-conference category-films\"        data-id=\"2562\">\n    <div class=\"rt-holder tpg-post-holder \">\n        <div class=\"rt-detail rt-el-content-wrapper\">\n\t\t\t                <div class=\"rt-img-holder tpg-el-image-wrap has-thumbnail\">\n\t\t\t\t\t<a data-id=\"2562\" href=\"https:\/\/hcpderie.fr\/?p=2562\" class=\"tpg-post-link\" target=\"_self\">                        <img loading=\"lazy\" decoding=\"async\" src=\"https:\/\/hcpderie.fr\/wp-content\/uploads\/2026\/03\/Colette-Le-Bret-768x1086.webp\"\n                             class=\"rt-img-responsive\"\n                             width=\"768\"\n                             height=\"1086\"\n                             alt=\"Un film sur Colette Le Bret, m\u00e9decin challandaise qui a gravi l\u2019Himalaya\">\n                        \n                            \n        <\/a>\n                <div class=\"overlay grid-hover-content\"><\/div>\n                        <\/div>\n\t\t\t\n\t\t\t<div class=\"entry-title-wrapper\"><h3 class=\"entry-title\"><a data-id=\"2562\" href=\"https:\/\/hcpderie.fr\/?p=2562\" class=\"tpg-post-link\" target=\"_self\">Un film sur Colette Le Bret, m\u00e9decin challandaise qui a gravi l\u2019Himalaya<\/a><\/h3><\/div>\n\t\t\t                <div class=\"post-meta-tags rt-el-post-meta\">\n\t\t\t\t\t            <span class='date'>\n\t\t\t\t                                    11 avril 2023                \t\t\t<\/span>\n                            <\/div>\n\t\t\t\n\n\t\t\t                <div class=\"tpg-excerpt tpg-el-excerpt\">\n\t\t\t\t\t                        <div class=\"tpg-excerpt-inner\">\n\t\t\t\t\t\t\t\u00ab Voyage sans retour \u00bb \u2013 Film pr\u00e9sent\u00e9 par Alain Jouanneau M Alain Jouanneau nous pr\u00e9sente un film r\u00e9alis\u00e9 \u00e0...                        <\/div>\n\t\t\t\t\t\t\t\t\t\t                <\/div>\n\t\t\t\n\t\t\t        <div class=\"post-footer\">\n            <div class=\"post-footer\">\n                <div class=\"read-more\">\n                    <a data-id=\"2562\" href=\"https:\/\/hcpderie.fr\/?p=2562\" class=\"tpg-post-link\" target=\"_self\">En savoir plus<\/a>                <\/div>\n            <\/div>\n        <\/div>\n                <\/div>\n    <\/div>\n<\/div>\n<div class=\"rt-col-md-4 rt-col-sm-6 rt-col-xs-12 default rt-grid-item post-1813 post type-post status-publish format-standard has-post-thumbnail hentry category-films\"        data-id=\"1813\">\n    <div class=\"rt-holder tpg-post-holder \">\n        <div class=\"rt-detail rt-el-content-wrapper\">\n\t\t\t                <div class=\"rt-img-holder tpg-el-image-wrap has-thumbnail\">\n\t\t\t\t\t<a data-id=\"1813\" href=\"https:\/\/hcpderie.fr\/?p=1813\" class=\"tpg-post-link\" target=\"_self\">                        <img loading=\"lazy\" decoding=\"async\" src=\"https:\/\/hcpderie.fr\/wp-content\/uploads\/2026\/03\/DVD-Raballand-1-768x737.jpg\"\n                             class=\"rt-img-responsive\"\n                             width=\"768\"\n                             height=\"737\"\n                             alt=\"Les images d&rsquo;antan\">\n                        \n                            \n        <\/a>\n                <div class=\"overlay grid-hover-content\"><\/div>\n                        <\/div>\n\t\t\t\n\t\t\t<div class=\"entry-title-wrapper\"><h3 class=\"entry-title\"><a data-id=\"1813\" href=\"https:\/\/hcpderie.fr\/?p=1813\" class=\"tpg-post-link\" target=\"_self\">Les images d&rsquo;antan<\/a><\/h3><\/div>\n\t\t\t                <div class=\"post-meta-tags rt-el-post-meta\">\n\t\t\t\t\t            <span class='date'>\n\t\t\t\t                                    6 f\u00e9vrier 2023                \t\t\t<\/span>\n                            <\/div>\n\t\t\t\n\n\t\t\t                <div class=\"tpg-excerpt tpg-el-excerpt\">\n\t\t\t\t\t                        <div class=\"tpg-excerpt-inner\">\n\t\t\t\t\t\t\tLe DVD \u201cImages d\u2019antan\u201d r\u00e9alis\u00e9 par Jacques Raballand Site :\u00a0 Les images d&rsquo;antan Le r\u00e9alisateur Jacques Raballand a compil\u00e9 une...                        <\/div>\n\t\t\t\t\t\t\t\t\t\t                <\/div>\n\t\t\t\n\t\t\t        <div class=\"post-footer\">\n            <div class=\"post-footer\">\n                <div class=\"read-more\">\n                    <a data-id=\"1813\" href=\"https:\/\/hcpderie.fr\/?p=1813\" class=\"tpg-post-link\" target=\"_self\">En savoir plus<\/a>                <\/div>\n            <\/div>\n        <\/div>\n                <\/div>\n    <\/div>\n<\/div>\n<div class=\"rt-col-md-4 rt-col-sm-6 rt-col-xs-12 default rt-grid-item post-2131 post type-post status-publish format-standard has-post-thumbnail hentry category-films\"        data-id=\"2131\">\n    <div class=\"rt-holder tpg-post-holder \">\n        <div class=\"rt-detail rt-el-content-wrapper\">\n\t\t\t                <div class=\"rt-img-holder tpg-el-image-wrap has-thumbnail\">\n\t\t\t\t\t<a data-id=\"2131\" href=\"https:\/\/hcpderie.fr\/?p=2131\" class=\"tpg-post-link\" target=\"_self\">                        <img loading=\"lazy\" decoding=\"async\" src=\"https:\/\/hcpderie.fr\/wp-content\/uploads\/2023\/02\/cyriaque-2023-768x428.png\"\n                             class=\"rt-img-responsive\"\n                             width=\"768\"\n                             height=\"428\"\n                             alt=\"TV Vend\u00e9e 02 02 2023 : Un documentaire pour raconter la seconde guerre mondiale en Vend\u00e9e\">\n                        \n                            \n        <\/a>\n                <div class=\"overlay grid-hover-content\"><\/div>\n                        <\/div>\n\t\t\t\n\t\t\t<div class=\"entry-title-wrapper\"><h3 class=\"entry-title\"><a data-id=\"2131\" href=\"https:\/\/hcpderie.fr\/?p=2131\" class=\"tpg-post-link\" target=\"_self\">TV Vend\u00e9e 02 02 2023 : Un documentaire pour raconter la seconde guerre mondiale en Vend\u00e9e<\/a><\/h3><\/div>\n\t\t\t                <div class=\"post-meta-tags rt-el-post-meta\">\n\t\t\t\t\t            <span class='date'>\n\t\t\t\t                                    2 f\u00e9vrier 2023                \t\t\t<\/span>\n                            <\/div>\n\t\t\t\n\n\t\t\t                <div class=\"tpg-excerpt tpg-el-excerpt\">\n\t\t\t\t\t                        <div class=\"tpg-excerpt-inner\">\n\t\t\t\t\t\t\tEntretien avec Cyriaque FeuilletUn documentaire pour raconter la seconde guerre mondiale en Vend\u00e9e Dans un documentaire de plus de 2h00...                        <\/div>\n\t\t\t\t\t\t\t\t\t\t                <\/div>\n\t\t\t\n\t\t\t        <div class=\"post-footer\">\n            <div class=\"post-footer\">\n                <div class=\"read-more\">\n                    <a data-id=\"2131\" href=\"https:\/\/hcpderie.fr\/?p=2131\" class=\"tpg-post-link\" target=\"_self\">En savoir plus<\/a>                <\/div>\n            <\/div>\n        <\/div>\n                <\/div>\n    <\/div>\n<\/div>\n<div class=\"rt-col-md-4 rt-col-sm-6 rt-col-xs-12 default rt-grid-item post-1666 post type-post status-publish format-standard has-post-thumbnail hentry category-conference category-films\"        data-id=\"1666\">\n    <div class=\"rt-holder tpg-post-holder \">\n        <div class=\"rt-detail rt-el-content-wrapper\">\n\t\t\t                <div class=\"rt-img-holder tpg-el-image-wrap has-thumbnail\">\n\t\t\t\t\t<a data-id=\"1666\" href=\"https:\/\/hcpderie.fr\/?p=1666\" class=\"tpg-post-link\" target=\"_self\">                        <img loading=\"lazy\" decoding=\"async\" src=\"https:\/\/hcpderie.fr\/wp-content\/uploads\/2026\/03\/Narcisse-Pelletier-1-1-768x1086.jpg\"\n                             class=\"rt-img-responsive\"\n                             width=\"768\"\n                             height=\"1086\"\n                             alt=\"Un film de Serge Aillery sur Narcisse Pelletier\">\n                        \n                            \n        <\/a>\n                <div class=\"overlay grid-hover-content\"><\/div>\n                        <\/div>\n\t\t\t\n\t\t\t<div class=\"entry-title-wrapper\"><h3 class=\"entry-title\"><a data-id=\"1666\" href=\"https:\/\/hcpderie.fr\/?p=1666\" class=\"tpg-post-link\" target=\"_self\">Un film de Serge Aillery sur Narcisse Pelletier<\/a><\/h3><\/div>\n\t\t\t                <div class=\"post-meta-tags rt-el-post-meta\">\n\t\t\t\t\t            <span class='date'>\n\t\t\t\t                                    1 octobre 2022                \t\t\t<\/span>\n                            <\/div>\n\t\t\t\n\n\t\t\t                <div class=\"tpg-excerpt tpg-el-excerpt\">\n\t\t\t\t\t                        <div class=\"tpg-excerpt-inner\">\n\t\t\t\t\t\t\tNarcisse Pelletier naufrag\u00e9 arborig\u00e8ne Narcisse Pelletier, mousse abandonn\u00e9 par son capitaine \u00e0 l\u2019\u00e2ge de 14 ans en 1858 sur une...                        <\/div>\n\t\t\t\t\t\t\t\t\t\t                <\/div>\n\t\t\t\n\t\t\t        <div class=\"post-footer\">\n            <div class=\"post-footer\">\n                <div class=\"read-more\">\n                    <a data-id=\"1666\" href=\"https:\/\/hcpderie.fr\/?p=1666\" class=\"tpg-post-link\" target=\"_self\">En savoir plus<\/a>                <\/div>\n            <\/div>\n        <\/div>\n                <\/div>\n    <\/div>\n<\/div>\n<div class=\"rt-col-md-4 rt-col-sm-6 rt-col-xs-12 default rt-grid-item post-3181 post type-post status-publish format-standard has-post-thumbnail hentry category-conference category-films\"        data-id=\"3181\">\n    <div class=\"rt-holder tpg-post-holder \">\n        <div class=\"rt-detail rt-el-content-wrapper\">\n\t\t\t                <div class=\"rt-img-holder tpg-el-image-wrap has-thumbnail\">\n\t\t\t\t\t<a data-id=\"3181\" href=\"https:\/\/hcpderie.fr\/?p=3181\" class=\"tpg-post-link\" target=\"_self\">                        <img loading=\"lazy\" decoding=\"async\" src=\"https:\/\/hcpderie.fr\/wp-content\/uploads\/2026\/03\/Saint-Hilaire-de-Riez-et-la-guerre-de-14-18-1-1-768x1053.jpg\"\n                             class=\"rt-img-responsive\"\n                             width=\"768\"\n                             height=\"1053\"\n                             alt=\"Projection du film Saint-Hilaire-de-Riez et la guerre 14-18\">\n                        \n                            \n        <\/a>\n                <div class=\"overlay grid-hover-content\"><\/div>\n                        <\/div>\n\t\t\t\n\t\t\t<div class=\"entry-title-wrapper\"><h3 class=\"entry-title\"><a data-id=\"3181\" href=\"https:\/\/hcpderie.fr\/?p=3181\" class=\"tpg-post-link\" target=\"_self\">Projection du film Saint-Hilaire-de-Riez et la guerre 14-18<\/a><\/h3><\/div>\n\t\t\t                <div class=\"post-meta-tags rt-el-post-meta\">\n\t\t\t\t\t            <span class='date'>\n\t\t\t\t                                    11 novembre 2018                \t\t\t<\/span>\n                            <\/div>\n\t\t\t\n\n\t\t\t                <div class=\"tpg-excerpt tpg-el-excerpt\">\n\t\t\t\t\t                        <div class=\"tpg-excerpt-inner\">\n\t\t\t\t\t\t\tProjection du film \u00ab\u00a0Saint-Hilaire-de-Riez et la guerre 14-18\u00a0\u00bb \u00a0 Ils ont r\u00e9alis\u00e9 Saint-Hilaire-de-Riez et la guerre 14-18 Saint-Hilaire-de-Riez et la...                        <\/div>\n\t\t\t\t\t\t\t\t\t\t                <\/div>\n\t\t\t\n\t\t\t        <div class=\"post-footer\">\n            <div class=\"post-footer\">\n                <div class=\"read-more\">\n                    <a data-id=\"3181\" href=\"https:\/\/hcpderie.fr\/?p=3181\" class=\"tpg-post-link\" target=\"_self\">En savoir plus<\/a>                <\/div>\n            <\/div>\n        <\/div>\n                <\/div>\n    <\/div>\n<\/div>\n<div class=\"rt-col-md-4 rt-col-sm-6 rt-col-xs-12 default rt-grid-item post-3248 post type-post status-publish format-standard has-post-thumbnail hentry category-films\"        data-id=\"3248\">\n    <div class=\"rt-holder tpg-post-holder \">\n        <div class=\"rt-detail rt-el-content-wrapper\">\n\t\t\t                <div class=\"rt-img-holder tpg-el-image-wrap has-thumbnail\">\n\t\t\t\t\t<a data-id=\"3248\" href=\"https:\/\/hcpderie.fr\/?p=3248\" class=\"tpg-post-link\" target=\"_self\">                        <img loading=\"lazy\" decoding=\"async\" src=\"https:\/\/hcpderie.fr\/wp-content\/uploads\/2026\/03\/films-2018.png\"\n                             class=\"rt-img-responsive\"\n                             width=\"680\"\n                             height=\"379\"\n                             alt=\"Deux films racontent le patrimoine de Saint-Hilaire\">\n                        \n                            \n        <\/a>\n                <div class=\"overlay grid-hover-content\"><\/div>\n                        <\/div>\n\t\t\t\n\t\t\t<div class=\"entry-title-wrapper\"><h3 class=\"entry-title\"><a data-id=\"3248\" href=\"https:\/\/hcpderie.fr\/?p=3248\" class=\"tpg-post-link\" target=\"_self\">Deux films racontent le patrimoine de Saint-Hilaire<\/a><\/h3><\/div>\n\t\t\t                <div class=\"post-meta-tags rt-el-post-meta\">\n\t\t\t\t\t            <span class='date'>\n\t\t\t\t                                    17 juillet 2018                \t\t\t<\/span>\n                            <\/div>\n\t\t\t\n\n\t\t\t                <div class=\"tpg-excerpt tpg-el-excerpt\">\n\t\t\t\t\t                        <div class=\"tpg-excerpt-inner\">\n\t\t\t\t\t\t\tDeux films racontent le patrimoine de Saint-Hilaire \u00a0 Patrick Avrillas, copr\u00e9sident de l&rsquo;association Histoire culture et patrimoine du Pays de...                        <\/div>\n\t\t\t\t\t\t\t\t\t\t                <\/div>\n\t\t\t\n\t\t\t        <div class=\"post-footer\">\n            <div class=\"post-footer\">\n                <div class=\"read-more\">\n                    <a data-id=\"3248\" href=\"https:\/\/hcpderie.fr\/?p=3248\" class=\"tpg-post-link\" target=\"_self\">En savoir plus<\/a>                <\/div>\n            <\/div>\n        <\/div>\n                <\/div>\n    <\/div>\n<\/div>\n\t\t\t<\/div>\n\t\t\t<div class='rt-pagination-wrap' data-total-pages='2' data-posts-per-page='9' data-type='pagination'><div class=\"rt-pagination\"><ul class=\"pagination-list\"><li class=\"active\"><span>1<\/span><\/li><li><a data-paged='2' href='https:\/\/hcpderie.fr\/index.php?rest_route=%2Fwp%2Fv2%2Fpages%2F1679&#038;paged=2'>2<\/a><\/li><\/ul><\/div><\/div>\n\t\t<\/div>\n\t\t\t\t\t\t<\/div>\n\t\t\t\t<\/div>\n\t\t\t\t\t<\/div>\n\t\t\t\t<\/div>\n\t\t\t\t<\/div>\n\t\t","protected":false},"excerpt":{"rendered":"<p>Film &amp; Conf\u00e9rence \u00ab\u00a0La Seconde Guerre mondiale au Pays de Saint-Gilles\u00a0\u00bb 28 avril 2025 Film &amp; Conf\u00e9rence \u00ab La Seconde [&hellip;]<\/p>\n","protected":false},"author":1,"featured_media":0,"parent":1672,"menu_order":0,"comment_status":"closed","ping_status":"closed","template":"","meta":{"_angie_page":false,"site-sidebar-layout":"default","site-content-layout":"","ast-site-content-layout":"default","site-content-style":"default","site-sidebar-style":"default","ast-global-header-display":"","ast-banner-title-visibility":"","ast-main-header-display":"","ast-hfb-above-header-display":"","ast-hfb-below-header-display":"","ast-hfb-mobile-header-display":"","site-post-title":"","ast-breadcrumbs-content":"","ast-featured-img":"","footer-sml-layout":"","ast-disable-related-posts":"","theme-transparent-header-meta":"","adv-header-id-meta":"","stick-header-meta":"","header-above-stick-meta":"","header-main-stick-meta":"","header-below-stick-meta":"","astra-migrate-meta-layouts":"default","ast-page-background-enabled":"default","ast-page-background-meta":{"desktop":{"background-color":"var(--ast-global-color-5)","background-image":"","background-repeat":"repeat","background-position":"center center","background-size":"auto","background-attachment":"scroll","background-type":"","background-media":"","overlay-type":"","overlay-color":"","overlay-opacity":"","overlay-gradient":""},"tablet":{"background-color":"","background-image":"","background-repeat":"repeat","background-position":"center center","background-size":"auto","background-attachment":"scroll","background-type":"","background-media":"","overlay-type":"","overlay-color":"","overlay-opacity":"","overlay-gradient":""},"mobile":{"background-color":"","background-image":"","background-repeat":"repeat","background-position":"center center","background-size":"auto","background-attachment":"scroll","background-type":"","background-media":"","overlay-type":"","overlay-color":"","overlay-opacity":"","overlay-gradient":""}},"ast-content-background-meta":{"desktop":{"background-color":"var(--ast-global-color-4)","background-image":"","background-repeat":"repeat","background-position":"center center","background-size":"auto","background-attachment":"scroll","background-type":"","background-media":"","overlay-type":"","overlay-color":"","overlay-opacity":"","overlay-gradient":""},"tablet":{"background-color":"var(--ast-global-color-4)","background-image":"","background-repeat":"repeat","background-position":"center center","background-size":"auto","background-attachment":"scroll","background-type":"","background-media":"","overlay-type":"","overlay-color":"","overlay-opacity":"","overlay-gradient":""},"mobile":{"background-color":"var(--ast-global-color-4)","background-image":"","background-repeat":"repeat","background-position":"center center","background-size":"auto","background-attachment":"scroll","background-type":"","background-media":"","overlay-type":"","overlay-color":"","overlay-opacity":"","overlay-gradient":""}},"footnotes":""},"class_list":["post-1679","page","type-page","status-publish","hentry"],"aioseo_notices":[],"jetpack_sharing_enabled":true,"jetpack_likes_enabled":true,"rttpg_featured_image_url":null,"rttpg_author":{"display_name":"ADMIN17","author_link":"https:\/\/hcpderie.fr\/?author=1"},"rttpg_comment":0,"rttpg_category":"","rttpg_excerpt":"Film &amp; Conf\u00e9rence \u00ab\u00a0La Seconde Guerre mondiale au Pays de Saint-Gilles\u00a0\u00bb 28 avril 2025 Film &amp; Conf\u00e9rence \u00ab La Seconde [&hellip;]","_links":{"self":[{"href":"https:\/\/hcpderie.fr\/index.php?rest_route=\/wp\/v2\/pages\/1679","targetHints":{"allow":["GET"]}}],"collection":[{"href":"https:\/\/hcpderie.fr\/index.php?rest_route=\/wp\/v2\/pages"}],"about":[{"href":"https:\/\/hcpderie.fr\/index.php?rest_route=\/wp\/v2\/types\/page"}],"author":[{"embeddable":true,"href":"https:\/\/hcpderie.fr\/index.php?rest_route=\/wp\/v2\/users\/1"}],"replies":[{"embeddable":true,"href":"https:\/\/hcpderie.fr\/index.php?rest_route=%2Fwp%2Fv2%2Fcomments&post=1679"}],"version-history":[{"count":10,"href":"https:\/\/hcpderie.fr\/index.php?rest_route=\/wp\/v2\/pages\/1679\/revisions"}],"predecessor-version":[{"id":2139,"href":"https:\/\/hcpderie.fr\/index.php?rest_route=\/wp\/v2\/pages\/1679\/revisions\/2139"}],"up":[{"embeddable":true,"href":"https:\/\/hcpderie.fr\/index.php?rest_route=\/wp\/v2\/pages\/1672"}],"wp:attachment":[{"href":"https:\/\/hcpderie.fr\/index.php?rest_route=%2Fwp%2Fv2%2Fmedia&parent=1679"}],"curies":[{"name":"wp","href":"https:\/\/api.w.org\/{rel}","templated":true}]}}